{"id":121,"date":"2021-02-22T01:36:17","date_gmt":"2021-02-21T22:36:17","guid":{"rendered":"http:\/\/clicknetco.com\/aseer\/?page_id=121"},"modified":"2025-07-27T15:15:04","modified_gmt":"2025-07-27T12:15:04","slug":"%d8%a7%d9%84%d8%b1%d8%a6%d9%8a%d8%b3%d9%8a%d8%a9-2","status":"publish","type":"page","link":"https:\/\/english.asrafalastin.net\/","title":{"rendered":"Home"},"content":{"rendered":"<p>[vc_row][vc_column][vc_column_text] \n\t\t\t<div class=\"n_t_ntb_b\"><div class=\"n_t_ntb_b2\">\n\t        \t\t\t  \n            <span class=\"n_t_ntb_b-name\">Latest news<\/span>\n\t        \t\t\t<div id=\"ntbne_five_c\">\n            <div style=\"position:relative; overflow:hidden;\" id=\"scroll-ntb\">\n\t\t    <div style=\"position:absolute; white-space:nowrap;\" id=\"scroll-ntb-elem\">\n\t\t\t<span class=\"n_t_ntb_bimg\"><span><span class=\"ntb_img_post_t_scrollntb\"><\/span><\/span><span><a href=\"https:\/\/english.asrafalastin.net\/?p=3467\" title=\"End of the Transfer of Security Prisoners to Courts Across the Country and Sessions from Inside the Prison\">\n\t\t\t\tEnd of the Transfer of Security Prisoners to Courts Across the Country and Sessions from Inside the ...\t\t\t\t<\/a><\/span><\/span>\t\t\t<span class=\"n_t_ntb_bimg\"><span><span class=\"ntb_img_post_t_scrollntb\"><\/span><\/span><span><a href=\"https:\/\/english.asrafalastin.net\/?p=3464\" title=\"the German Red Cross in Berlin received a memorandum regarding the situation of Palestinian\">\n\t\t\t\tthe German Red Cross in Berlin received a memorandum regarding the situation of Palestinian\t\t\t\t<\/a><\/span><\/span>\t\t\t<span class=\"n_t_ntb_bimg\"><span><span class=\"ntb_img_post_t_scrollntb\"><\/span><\/span><span><a href=\"https:\/\/english.asrafalastin.net\/?p=3443\" title=\"Occupation Crimes Against Prisoners Before International Courts\">\n\t\t\t\tOccupation Crimes Against Prisoners Before International Courts\t\t\t\t<\/a><\/span><\/span>\t\t\t<span class=\"n_t_ntb_bimg\"><span><span class=\"ntb_img_post_t_scrollntb\"><\/span><\/span><span><a href=\"https:\/\/english.asrafalastin.net\/?p=3440\" title=\"Rest In Peace? Zionist Organ Theft\u00a0\">\n\t\t\t\tRest In Peace? Zionist Organ Theft\u00a0\t\t\t\t<\/a><\/span><\/span>\t\t\t<span class=\"n_t_ntb_bimg\"><span><span class=\"ntb_img_post_t_scrollntb\"><\/span><\/span><span><a href=\"https:\/\/english.asrafalastin.net\/?p=3437\" title=\"The Disappearance of Dr. Abu Safiya | Fault Lines Documentary\">\n\t\t\t\tThe Disappearance of Dr. Abu Safiya | Fault Lines Documentary\t\t\t\t<\/a><\/span><\/span>\t\t\t<span class=\"n_t_ntb_bimg\"><span><span class=\"ntb_img_post_t_scrollntb\"><\/span><\/span><span><a href=\"https:\/\/english.asrafalastin.net\/?p=3432\" title=\"We are all Gaza!\">\n\t\t\t\tWe are all Gaza!\t\t\t\t<\/a><\/span><\/span>\t\t\t<span class=\"n_t_ntb_bimg\"><span><span class=\"ntb_img_post_t_scrollntb\"><\/span><\/span><span><a href=\"https:\/\/english.asrafalastin.net\/?p=3429\" title=\"A harrowing account from imprisoned Palestinian journalist Farah Abu Ayyash has emerged:\">\n\t\t\t\tA harrowing account from imprisoned Palestinian journalist Farah Abu Ayyash has emerged:\t\t\t\t<\/a><\/span><\/span>\t\t\t<span class=\"n_t_ntb_bimg\"><span><span class=\"ntb_img_post_t_scrollntb\"><\/span><\/span><span><a href=\"https:\/\/english.asrafalastin.net\/?p=3425\" title=\"Israels ockupationsbrott mot palestinska f\u00e5ngar och martyrer \u2013 en uppmaning till utredning och ansvarsutkr\u00e4vande\">\n\t\t\t\tIsraels ockupationsbrott mot palestinska f\u00e5ngar och martyrer \u2013 en uppmaning till utredning och ansva...\t\t\t\t<\/a><\/span><\/span>\t\t\t<span class=\"n_t_ntb_bimg\"><span><span class=\"ntb_img_post_t_scrollntb\"><\/span><\/span><span><a href=\"https:\/\/english.asrafalastin.net\/?p=3420\" title=\"Obligations of Israel in relation to the Presence and Activities of the United Nations, Other International Organizations and Third States in and in relation to the Occupied Palestinian Territory\">\n\t\t\t\tObligations of Israel in relation to the Presence and Activities of the United Nations, Other Intern...\t\t\t\t<\/a><\/span><\/span>\t\t\t<span class=\"n_t_ntb_bimg\"><span><span class=\"ntb_img_post_t_scrollntb\"><\/span><\/span><span><a href=\"https:\/\/english.asrafalastin.net\/?p=3417\" title=\"Initiative pour la justice au profit des victimes de g\u00e9nocide et pour le soutien \u00e0 la Cour p\u00e9nale internationale\">\n\t\t\t\tInitiative pour la justice au profit des victimes de g\u00e9nocide et pour le soutien \u00e0 la Cour p\u00e9nale in...\t\t\t\t<\/a><\/span><\/span>\t\t\t\t\t\t<\/div>\n            <\/div>\n\t\t\t<\/div>\n            <\/div><\/div>\n\n\t\t\t[\/vc_column_text][\/vc_column][\/vc_row][vc_row full_width=&#8221;stretch_row&#8221;][vc_column width=&#8221;4\/5&#8243;]\t<div  class=\"bs-shortcode bs-heading-shortcode bscb-84596 bsb-have-heading-color\">\r\n\t\t\t\t<h3 class=\"section-heading sh-t1 sh-s1\">\r\n\t\t\t\t<span class=\"h-text\">Latest<\/span>\r\n\t\t\t\t<\/h3>\r\n\t\t\t<\/div>\r\n<div  class=\"jeg_slider_wrapper jeg_slider_type_7_wrapper epic_module__0_69f53fade28c7  \">\n                    <div class='jeg_slider_placeholder'>\n\t\t\t\t\t\t<div class='thumbnail-wrapper'>\n\t\t\t\t\t\t\t<div class='thumbnail-inner'><div class='thumbnail-container'><\/div><\/div>\n\t\t\t\t\t\t<\/div>\n\t\t\t\t\t<\/div>\n                    <div class=\"jeg_slider_type_7 jeg_slider epic-owl-carousel featured-left\" data-autoplay=\"true\" data-delay=\"7500\" data-nav-prev=\"prev\" data-nav-next=\"next\">\n                        <div class=\"jeg_slide_item clearfix post-3467 post type-post status-publish format-standard has-post-thumbnail hentry category-news\">\n                    \n                    <div class=\"jeg_slide_image\" style=\"background-image: url(https:\/\/english.asrafalastin.net\/wp-content\/uploads\/2025\/05\/fd26d277-bb5e-4e75-89d8-6e2c24acc41a-750x375.jpg)\">\n                \t\t<a href=\"https:\/\/english.asrafalastin.net\/?p=3467\"><\/a>\n\t\t\t\t\t<\/div>\n                    <div class=\"jeg_slide_caption\">\n                        <div class=\"jeg_caption_container\">\n                        \t<div class=\"jeg_post_category\">\n\t                            <a href=\"https:\/\/english.asrafalastin.net\/?cat=34\" class=\"category-news\">News<\/a>\n\t                        <\/div>\n\t                        <h2 class=\"jeg_post_title\">\n\t                            <a href=\"https:\/\/english.asrafalastin.net\/?p=3467\">End of the Transfer of Security Prisoners to Courts Across the Country and Sessions from Inside the Prison<\/a>\n\t                        <\/h2>\n\t                        <div class=\"jeg_post_excerpt\">\n\t\t\t                    <p>&nbsp; Final approval: Security prisoners' sessions will be held via video from prison. Knesset member Vogel: \u201cAn additional tool in ...<\/p>\n\t\t\t                <\/div>\n                            <a href=\"https:\/\/english.asrafalastin.net\/?p=3467\" class=\"jeg_readmore\">Read more<\/a>\n                        <\/div>\n                        <div class=\"jeg_block_nav \"> \n                        \t<a href=\"#\" class=\"prev\">\n                        \t\t<i class=\"fa fa-angle-left\"><\/i>\n                                prev\n                        \t<\/a> \n                        \t<a href=\"#\" class=\"next\">\n                                next\n                        \t\t<i class=\"fa fa-angle-right\"><\/i>\n                        \t<\/a> \n                        <\/div>\n                    <\/div>\n                <\/div><div class=\"jeg_slide_item clearfix post-3464 post type-post status-publish format-standard has-post-thumbnail hentry category-news\">\n                    \n                    <div class=\"jeg_slide_image\" style=\"background-image: url(https:\/\/english.asrafalastin.net\/wp-content\/uploads\/2026\/02\/the-German-Red-Cross-in-Berlin-received-a-memorandum-regarding-the-situation-of-Palestinian-750x375.jpg)\">\n                \t\t<a href=\"https:\/\/english.asrafalastin.net\/?p=3464\"><\/a>\n\t\t\t\t\t<\/div>\n                    <div class=\"jeg_slide_caption\">\n                        <div class=\"jeg_caption_container\">\n                        \t<div class=\"jeg_post_category\">\n\t                            <a href=\"https:\/\/english.asrafalastin.net\/?cat=34\" class=\"category-news\">News<\/a>\n\t                        <\/div>\n\t                        <h2 class=\"jeg_post_title\">\n\t                            <a href=\"https:\/\/english.asrafalastin.net\/?p=3464\">the German Red Cross in Berlin received a memorandum regarding the situation of Palestinian<\/a>\n\t                        <\/h2>\n\t                        <div class=\"jeg_post_excerpt\">\n\t\t\t                    <p>On Monday, February 16, the German Red Cross in Berlin received a memorandum regarding the situation of Palestinian prisoners, presented ...<\/p>\n\t\t\t                <\/div>\n                            <a href=\"https:\/\/english.asrafalastin.net\/?p=3464\" class=\"jeg_readmore\">Read more<\/a>\n                        <\/div>\n                        <div class=\"jeg_block_nav \"> \n                        \t<a href=\"#\" class=\"prev\">\n                        \t\t<i class=\"fa fa-angle-left\"><\/i>\n                                prev\n                        \t<\/a> \n                        \t<a href=\"#\" class=\"next\">\n                                next\n                        \t\t<i class=\"fa fa-angle-right\"><\/i>\n                        \t<\/a> \n                        <\/div>\n                    <\/div>\n                <\/div><div class=\"jeg_slide_item clearfix post-3443 post type-post status-publish format-standard has-post-thumbnail hentry category-news\">\n                    \n                    <div class=\"jeg_slide_image\" style=\"background-image: url(https:\/\/english.asrafalastin.net\/wp-content\/uploads\/2025\/05\/fd26d277-bb5e-4e75-89d8-6e2c24acc41a-750x375.jpg)\">\n                \t\t<a href=\"https:\/\/english.asrafalastin.net\/?p=3443\"><\/a>\n\t\t\t\t\t<\/div>\n                    <div class=\"jeg_slide_caption\">\n                        <div class=\"jeg_caption_container\">\n                        \t<div class=\"jeg_post_category\">\n\t                            <a href=\"https:\/\/english.asrafalastin.net\/?cat=34\" class=\"category-news\">News<\/a>\n\t                        <\/div>\n\t                        <h2 class=\"jeg_post_title\">\n\t                            <a href=\"https:\/\/english.asrafalastin.net\/?p=3443\">Occupation Crimes Against Prisoners Before International Courts<\/a>\n\t                        <\/h2>\n\t                        <div class=\"jeg_post_excerpt\">\n\t\t\t                    <p>On Wednesday, November 26, ASRA: The European Alliance in Defence of Palestinian Detainees organised a two-hour online conference to discuss ...<\/p>\n\t\t\t                <\/div>\n                            <a href=\"https:\/\/english.asrafalastin.net\/?p=3443\" class=\"jeg_readmore\">Read more<\/a>\n                        <\/div>\n                        <div class=\"jeg_block_nav \"> \n                        \t<a href=\"#\" class=\"prev\">\n                        \t\t<i class=\"fa fa-angle-left\"><\/i>\n                                prev\n                        \t<\/a> \n                        \t<a href=\"#\" class=\"next\">\n                                next\n                        \t\t<i class=\"fa fa-angle-right\"><\/i>\n                        \t<\/a> \n                        <\/div>\n                    <\/div>\n                <\/div><div class=\"jeg_slide_item clearfix post-3440 post type-post status-publish format-standard has-post-thumbnail hentry category-news\">\n                    \n                    <div class=\"jeg_slide_image\" style=\"background-image: url(https:\/\/english.asrafalastin.net\/wp-content\/uploads\/2025\/12\/574582300_2645990462460463_2076680947549167519_n.jpg)\">\n                \t\t<a href=\"https:\/\/english.asrafalastin.net\/?p=3440\"><\/a>\n\t\t\t\t\t<\/div>\n                    <div class=\"jeg_slide_caption\">\n                        <div class=\"jeg_caption_container\">\n                        \t<div class=\"jeg_post_category\">\n\t                            <a href=\"https:\/\/english.asrafalastin.net\/?cat=34\" class=\"category-news\">News<\/a>\n\t                        <\/div>\n\t                        <h2 class=\"jeg_post_title\">\n\t                            <a href=\"https:\/\/english.asrafalastin.net\/?p=3440\">Rest In Peace? Zionist Organ Theft\u00a0<\/a>\n\t                        <\/h2>\n\t                        <div class=\"jeg_post_excerpt\">\n\t\t\t                    <p>In today\u2019s show, we\u2019ll be underlining that the depths of depravity, to which the Zionist colony is prepared to sink, ...<\/p>\n\t\t\t                <\/div>\n                            <a href=\"https:\/\/english.asrafalastin.net\/?p=3440\" class=\"jeg_readmore\">Read more<\/a>\n                        <\/div>\n                        <div class=\"jeg_block_nav \"> \n                        \t<a href=\"#\" class=\"prev\">\n                        \t\t<i class=\"fa fa-angle-left\"><\/i>\n                                prev\n                        \t<\/a> \n                        \t<a href=\"#\" class=\"next\">\n                                next\n                        \t\t<i class=\"fa fa-angle-right\"><\/i>\n                        \t<\/a> \n                        <\/div>\n                    <\/div>\n                <\/div><div class=\"jeg_slide_item clearfix post-3437 post type-post status-publish format-standard has-post-thumbnail hentry category-news\">\n                    \n                    <div class=\"jeg_slide_image\" style=\"background-image: url(https:\/\/english.asrafalastin.net\/wp-content\/uploads\/2025\/12\/Annotation-2025-12-16-173652-750x375.jpg)\">\n                \t\t<a href=\"https:\/\/english.asrafalastin.net\/?p=3437\"><\/a>\n\t\t\t\t\t<\/div>\n                    <div class=\"jeg_slide_caption\">\n                        <div class=\"jeg_caption_container\">\n                        \t<div class=\"jeg_post_category\">\n\t                            <a href=\"https:\/\/english.asrafalastin.net\/?cat=34\" class=\"category-news\">News<\/a>\n\t                        <\/div>\n\t                        <h2 class=\"jeg_post_title\">\n\t                            <a href=\"https:\/\/english.asrafalastin.net\/?p=3437\">The Disappearance of Dr. Abu Safiya | Fault Lines Documentary<\/a>\n\t                        <\/h2>\n\t                        <div class=\"jeg_post_excerpt\">\n\t\t\t                    <p>https:\/\/www.youtube.com\/watch?v=0BFhtBk9UDc<\/p>\n\t\t\t                <\/div>\n                            <a href=\"https:\/\/english.asrafalastin.net\/?p=3437\" class=\"jeg_readmore\">Read more<\/a>\n                        <\/div>\n                        <div class=\"jeg_block_nav \"> \n                        \t<a href=\"#\" class=\"prev\">\n                        \t\t<i class=\"fa fa-angle-left\"><\/i>\n                                prev\n                        \t<\/a> \n                        \t<a href=\"#\" class=\"next\">\n                                next\n                        \t\t<i class=\"fa fa-angle-right\"><\/i>\n                        \t<\/a> \n                        <\/div>\n                    <\/div>\n                <\/div><div class=\"jeg_slide_item clearfix post-3432 post type-post status-publish format-standard has-post-thumbnail hentry category-news\">\n                    \n                    <div class=\"jeg_slide_image\" style=\"background-image: url(https:\/\/english.asrafalastin.net\/wp-content\/uploads\/2025\/11\/WhatsApp-Image-2025-11-28-at-3.33.48-PM-750x375.jpeg)\">\n                \t\t<a href=\"https:\/\/english.asrafalastin.net\/?p=3432\"><\/a>\n\t\t\t\t\t<\/div>\n                    <div class=\"jeg_slide_caption\">\n                        <div class=\"jeg_caption_container\">\n                        \t<div class=\"jeg_post_category\">\n\t                            <a href=\"https:\/\/english.asrafalastin.net\/?cat=34\" class=\"category-news\">News<\/a>\n\t                        <\/div>\n\t                        <h2 class=\"jeg_post_title\">\n\t                            <a href=\"https:\/\/english.asrafalastin.net\/?p=3432\">We are all Gaza!<\/a>\n\t                        <\/h2>\n\t                        <div class=\"jeg_post_excerpt\">\n\t\t\t                    <p><\/p>\n\t\t\t                <\/div>\n                            <a href=\"https:\/\/english.asrafalastin.net\/?p=3432\" class=\"jeg_readmore\">Read more<\/a>\n                        <\/div>\n                        <div class=\"jeg_block_nav \"> \n                        \t<a href=\"#\" class=\"prev\">\n                        \t\t<i class=\"fa fa-angle-left\"><\/i>\n                                prev\n                        \t<\/a> \n                        \t<a href=\"#\" class=\"next\">\n                                next\n                        \t\t<i class=\"fa fa-angle-right\"><\/i>\n                        \t<\/a> \n                        <\/div>\n                    <\/div>\n                <\/div><div class=\"jeg_slide_item clearfix post-3429 post type-post status-publish format-standard has-post-thumbnail hentry category-news\">\n                    \n                    <div class=\"jeg_slide_image\" style=\"background-image: url(https:\/\/english.asrafalastin.net\/wp-content\/uploads\/2025\/11\/WhatsApp-Image-2025-11-26-at-3.06.42-PM-750x375.jpeg)\">\n                \t\t<a href=\"https:\/\/english.asrafalastin.net\/?p=3429\"><\/a>\n\t\t\t\t\t<\/div>\n                    <div class=\"jeg_slide_caption\">\n                        <div class=\"jeg_caption_container\">\n                        \t<div class=\"jeg_post_category\">\n\t                            <a href=\"https:\/\/english.asrafalastin.net\/?cat=34\" class=\"category-news\">News<\/a>\n\t                        <\/div>\n\t                        <h2 class=\"jeg_post_title\">\n\t                            <a href=\"https:\/\/english.asrafalastin.net\/?p=3429\">A harrowing account from imprisoned Palestinian journalist Farah Abu Ayyash has emerged:<\/a>\n\t                        <\/h2>\n\t                        <div class=\"jeg_post_excerpt\">\n\t\t\t                    <p>Her lawyer, Hassan Abadi, who recently visited her in the Israeli occupation's Damon Prison, said that what she shared was ...<\/p>\n\t\t\t                <\/div>\n                            <a href=\"https:\/\/english.asrafalastin.net\/?p=3429\" class=\"jeg_readmore\">Read more<\/a>\n                        <\/div>\n                        <div class=\"jeg_block_nav \"> \n                        \t<a href=\"#\" class=\"prev\">\n                        \t\t<i class=\"fa fa-angle-left\"><\/i>\n                                prev\n                        \t<\/a> \n                        \t<a href=\"#\" class=\"next\">\n                                next\n                        \t\t<i class=\"fa fa-angle-right\"><\/i>\n                        \t<\/a> \n                        <\/div>\n                    <\/div>\n                <\/div><div class=\"jeg_slide_item clearfix post-3425 post type-post status-publish format-standard has-post-thumbnail hentry category-news\">\n                    \n                    <div class=\"jeg_slide_image\" style=\"background-image: url(https:\/\/english.asrafalastin.net\/wp-content\/uploads\/2025\/05\/fd26d277-bb5e-4e75-89d8-6e2c24acc41a-750x375.jpg)\">\n                \t\t<a href=\"https:\/\/english.asrafalastin.net\/?p=3425\"><\/a>\n\t\t\t\t\t<\/div>\n                    <div class=\"jeg_slide_caption\">\n                        <div class=\"jeg_caption_container\">\n                        \t<div class=\"jeg_post_category\">\n\t                            <a href=\"https:\/\/english.asrafalastin.net\/?cat=34\" class=\"category-news\">News<\/a>\n\t                        <\/div>\n\t                        <h2 class=\"jeg_post_title\">\n\t                            <a href=\"https:\/\/english.asrafalastin.net\/?p=3425\">Israels ockupationsbrott mot palestinska f\u00e5ngar och martyrer \u2013 en uppmaning till utredning och ansvarsutkr\u00e4vande<\/a>\n\t                        <\/h2>\n\t                        <div class=\"jeg_post_excerpt\">\n\t\t\t                    <p><\/p>\n\t\t\t                <\/div>\n                            <a href=\"https:\/\/english.asrafalastin.net\/?p=3425\" class=\"jeg_readmore\">Read more<\/a>\n                        <\/div>\n                        <div class=\"jeg_block_nav \"> \n                        \t<a href=\"#\" class=\"prev\">\n                        \t\t<i class=\"fa fa-angle-left\"><\/i>\n                                prev\n                        \t<\/a> \n                        \t<a href=\"#\" class=\"next\">\n                                next\n                        \t\t<i class=\"fa fa-angle-right\"><\/i>\n                        \t<\/a> \n                        <\/div>\n                    <\/div>\n                <\/div><div class=\"jeg_slide_item clearfix post-3420 post type-post status-publish format-standard has-post-thumbnail hentry category-news\">\n                    \n                    <div class=\"jeg_slide_image\" style=\"background-image: url(https:\/\/english.asrafalastin.net\/wp-content\/uploads\/2025\/10\/GettyImages-1954683174-scaled-1-750x375.jpg)\">\n                \t\t<a href=\"https:\/\/english.asrafalastin.net\/?p=3420\"><\/a>\n\t\t\t\t\t<\/div>\n                    <div class=\"jeg_slide_caption\">\n                        <div class=\"jeg_caption_container\">\n                        \t<div class=\"jeg_post_category\">\n\t                            <a href=\"https:\/\/english.asrafalastin.net\/?cat=34\" class=\"category-news\">News<\/a>\n\t                        <\/div>\n\t                        <h2 class=\"jeg_post_title\">\n\t                            <a href=\"https:\/\/english.asrafalastin.net\/?p=3420\">Obligations of Israel in relation to the Presence and Activities of the United Nations, Other International Organizations and Third States in and in relation to the Occupied Palestinian Territory<\/a>\n\t                        <\/h2>\n\t                        <div class=\"jeg_post_excerpt\">\n\t\t\t                    <p>INTERNATIONAL COURT OF JUSTICE Peace Palace, Carnegieplein 2, 2517 KJ The Hague, Netherlands Tel.: +31 (0)70 302 2323 Fax: +31 ...<\/p>\n\t\t\t                <\/div>\n                            <a href=\"https:\/\/english.asrafalastin.net\/?p=3420\" class=\"jeg_readmore\">Read more<\/a>\n                        <\/div>\n                        <div class=\"jeg_block_nav \"> \n                        \t<a href=\"#\" class=\"prev\">\n                        \t\t<i class=\"fa fa-angle-left\"><\/i>\n                                prev\n                        \t<\/a> \n                        \t<a href=\"#\" class=\"next\">\n                                next\n                        \t\t<i class=\"fa fa-angle-right\"><\/i>\n                        \t<\/a> \n                        <\/div>\n                    <\/div>\n                <\/div><div class=\"jeg_slide_item clearfix post-3417 post type-post status-publish format-standard has-post-thumbnail hentry category-news\">\n                    \n                    <div class=\"jeg_slide_image\" style=\"background-image: url(https:\/\/english.asrafalastin.net\/wp-content\/uploads\/2025\/10\/Screenshot-2025-10-20-at-11-13-16-\u0648\u0627\u062a\u0633\u0627\u0628.png)\">\n                \t\t<a href=\"https:\/\/english.asrafalastin.net\/?p=3417\"><\/a>\n\t\t\t\t\t<\/div>\n                    <div class=\"jeg_slide_caption\">\n                        <div class=\"jeg_caption_container\">\n                        \t<div class=\"jeg_post_category\">\n\t                            <a href=\"https:\/\/english.asrafalastin.net\/?cat=34\" class=\"category-news\">News<\/a>\n\t                        <\/div>\n\t                        <h2 class=\"jeg_post_title\">\n\t                            <a href=\"https:\/\/english.asrafalastin.net\/?p=3417\">Initiative pour la justice au profit des victimes de g\u00e9nocide et pour le soutien \u00e0 la Cour p\u00e9nale internationale<\/a>\n\t                        <\/h2>\n\t                        <div class=\"jeg_post_excerpt\">\n\t\t\t                    <p>&nbsp; Nous, avocats et professionnels du droit soussign\u00e9s, d\u00e9clarons notre plein soutien \u00e0 la justice pour les victimes du g\u00e9nocide ...<\/p>\n\t\t\t                <\/div>\n                            <a href=\"https:\/\/english.asrafalastin.net\/?p=3417\" class=\"jeg_readmore\">Read more<\/a>\n                        <\/div>\n                        <div class=\"jeg_block_nav \"> \n                        \t<a href=\"#\" class=\"prev\">\n                        \t\t<i class=\"fa fa-angle-left\"><\/i>\n                                prev\n                        \t<\/a> \n                        \t<a href=\"#\" class=\"next\">\n                                next\n                        \t\t<i class=\"fa fa-angle-right\"><\/i>\n                        \t<\/a> \n                        <\/div>\n                    <\/div>\n                <\/div><div class=\"jeg_slide_item clearfix post-3409 post type-post status-publish format-standard has-post-thumbnail hentry category-news\">\n                    \n                    <div class=\"jeg_slide_image\" style=\"background-image: url(https:\/\/english.asrafalastin.net\/wp-content\/uploads\/2025\/10\/10030-750x375.jpg)\">\n                \t\t<a href=\"https:\/\/english.asrafalastin.net\/?p=3409\"><\/a>\n\t\t\t\t\t<\/div>\n                    <div class=\"jeg_slide_caption\">\n                        <div class=\"jeg_caption_container\">\n                        \t<div class=\"jeg_post_category\">\n\t                            <a href=\"https:\/\/english.asrafalastin.net\/?cat=34\" class=\"category-news\">News<\/a>\n\t                        <\/div>\n\t                        <h2 class=\"jeg_post_title\">\n\t                            <a href=\"https:\/\/english.asrafalastin.net\/?p=3409\">Gratulationen an die befreiten pal\u00e4stinensischen Gefangenen heute<\/a>\n\t                        <\/h2>\n\t                        <div class=\"jeg_post_excerpt\">\n\t\t\t                    <p><\/p>\n\t\t\t                <\/div>\n                            <a href=\"https:\/\/english.asrafalastin.net\/?p=3409\" class=\"jeg_readmore\">Read more<\/a>\n                        <\/div>\n                        <div class=\"jeg_block_nav \"> \n                        \t<a href=\"#\" class=\"prev\">\n                        \t\t<i class=\"fa fa-angle-left\"><\/i>\n                                prev\n                        \t<\/a> \n                        \t<a href=\"#\" class=\"next\">\n                                next\n                        \t\t<i class=\"fa fa-angle-right\"><\/i>\n                        \t<\/a> \n                        <\/div>\n                    <\/div>\n                <\/div><div class=\"jeg_slide_item clearfix post-3397 post type-post status-publish format-standard has-post-thumbnail hentry category-news\">\n                    \n                    <div class=\"jeg_slide_image\" style=\"background-image: url(https:\/\/english.asrafalastin.net\/wp-content\/uploads\/2025\/10\/WhatsApp-Image-2025-10-13-at-1.35.12-PM1-652x375.jpeg)\">\n                \t\t<a href=\"https:\/\/english.asrafalastin.net\/?p=3397\"><\/a>\n\t\t\t\t\t<\/div>\n                    <div class=\"jeg_slide_caption\">\n                        <div class=\"jeg_caption_container\">\n                        \t<div class=\"jeg_post_category\">\n\t                            <a href=\"https:\/\/english.asrafalastin.net\/?cat=34\" class=\"category-news\">News<\/a>\n\t                        <\/div>\n\t                        <h2 class=\"jeg_post_title\">\n\t                            <a href=\"https:\/\/english.asrafalastin.net\/?p=3397\">At the invitation of the &#8220;Stop Israel&#8221; movement, the city of Malm\u00f6 witnessed a large public demonstration today,<\/a>\n\t                        <\/h2>\n\t                        <div class=\"jeg_post_excerpt\">\n\t\t\t                    <p>At the invitation of the \"Stop Israel\" movement, the city of Malm\u00f6 witnessed a large public demonstration today, Sunday. The ...<\/p>\n\t\t\t                <\/div>\n                            <a href=\"https:\/\/english.asrafalastin.net\/?p=3397\" class=\"jeg_readmore\">Read more<\/a>\n                        <\/div>\n                        <div class=\"jeg_block_nav \"> \n                        \t<a href=\"#\" class=\"prev\">\n                        \t\t<i class=\"fa fa-angle-left\"><\/i>\n                                prev\n                        \t<\/a> \n                        \t<a href=\"#\" class=\"next\">\n                                next\n                        \t\t<i class=\"fa fa-angle-right\"><\/i>\n                        \t<\/a> \n                        <\/div>\n                    <\/div>\n                <\/div><div class=\"jeg_slide_item clearfix post-3394 post type-post status-publish format-standard has-post-thumbnail hentry category-news\">\n                    \n                    <div class=\"jeg_slide_image\" style=\"background-image: url(https:\/\/english.asrafalastin.net\/wp-content\/uploads\/2025\/05\/fd26d277-bb5e-4e75-89d8-6e2c24acc41a-750x375.jpg)\">\n                \t\t<a href=\"https:\/\/english.asrafalastin.net\/?p=3394\"><\/a>\n\t\t\t\t\t<\/div>\n                    <div class=\"jeg_slide_caption\">\n                        <div class=\"jeg_caption_container\">\n                        \t<div class=\"jeg_post_category\">\n\t                            <a href=\"https:\/\/english.asrafalastin.net\/?cat=34\" class=\"category-news\">News<\/a>\n\t                        <\/div>\n\t                        <h2 class=\"jeg_post_title\">\n\t                            <a href=\"https:\/\/english.asrafalastin.net\/?p=3394\">Stop the war on Gaza<\/a>\n\t                        <\/h2>\n\t                        <div class=\"jeg_post_excerpt\">\n\t\t\t                    <p>https:\/\/www.youtube.com\/watch?v=foDkTG2ThEk&amp;t=8s<\/p>\n\t\t\t                <\/div>\n                            <a href=\"https:\/\/english.asrafalastin.net\/?p=3394\" class=\"jeg_readmore\">Read more<\/a>\n                        <\/div>\n                        <div class=\"jeg_block_nav \"> \n                        \t<a href=\"#\" class=\"prev\">\n                        \t\t<i class=\"fa fa-angle-left\"><\/i>\n                                prev\n                        \t<\/a> \n                        \t<a href=\"#\" class=\"next\">\n                                next\n                        \t\t<i class=\"fa fa-angle-right\"><\/i>\n                        \t<\/a> \n                        <\/div>\n                    <\/div>\n                <\/div><div class=\"jeg_slide_item clearfix post-3280 post type-post status-publish format-standard has-post-thumbnail hentry category-news\">\n                    \n                    <div class=\"jeg_slide_image\" style=\"background-image: url(https:\/\/english.asrafalastin.net\/wp-content\/uploads\/2025\/07\/122112-750x375.jpg)\">\n                \t\t<a href=\"https:\/\/english.asrafalastin.net\/?p=3280\"><\/a>\n\t\t\t\t\t<\/div>\n                    <div class=\"jeg_slide_caption\">\n                        <div class=\"jeg_caption_container\">\n                        \t<div class=\"jeg_post_category\">\n\t                            <a href=\"https:\/\/english.asrafalastin.net\/?cat=34\" class=\"category-news\">News<\/a>\n\t                        <\/div>\n\t                        <h2 class=\"jeg_post_title\">\n\t                            <a href=\"https:\/\/english.asrafalastin.net\/?p=3280\">Presentar una demanda ante la Corte Penal Internacional contra las autoridades de ocupaci\u00f3n<\/a>\n\t                        <\/h2>\n\t                        <div class=\"jeg_post_excerpt\">\n\t\t\t                    <p>Presentar una demanda ante la Corte Penal Internacional contra las autoridades de ocupaci\u00f3n debido a las condiciones de los prisioneros ...<\/p>\n\t\t\t                <\/div>\n                            <a href=\"https:\/\/english.asrafalastin.net\/?p=3280\" class=\"jeg_readmore\">Read more<\/a>\n                        <\/div>\n                        <div class=\"jeg_block_nav \"> \n                        \t<a href=\"#\" class=\"prev\">\n                        \t\t<i class=\"fa fa-angle-left\"><\/i>\n                                prev\n                        \t<\/a> \n                        \t<a href=\"#\" class=\"next\">\n                                next\n                        \t\t<i class=\"fa fa-angle-right\"><\/i>\n                        \t<\/a> \n                        <\/div>\n                    <\/div>\n                <\/div><div class=\"jeg_slide_item clearfix post-3278 post type-post status-publish format-standard has-post-thumbnail hentry category-news\">\n                    \n                    <div class=\"jeg_slide_image\" style=\"background-image: url(https:\/\/english.asrafalastin.net\/wp-content\/uploads\/2025\/07\/122112-750x375.jpg)\">\n                \t\t<a href=\"https:\/\/english.asrafalastin.net\/?p=3278\"><\/a>\n\t\t\t\t\t<\/div>\n                    <div class=\"jeg_slide_caption\">\n                        <div class=\"jeg_caption_container\">\n                        \t<div class=\"jeg_post_category\">\n\t                            <a href=\"https:\/\/english.asrafalastin.net\/?cat=34\" class=\"category-news\">News<\/a>\n\t                        <\/div>\n\t                        <h2 class=\"jeg_post_title\">\n\t                            <a href=\"https:\/\/english.asrafalastin.net\/?p=3278\">Filing a lawsuit with the International Criminal Court against the occupying authorities<\/a>\n\t                        <\/h2>\n\t                        <div class=\"jeg_post_excerpt\">\n\t\t\t                    <p>Filing a lawsuit with the International Criminal Court against the occupying authorities due to the conditions of the prisoners and ...<\/p>\n\t\t\t                <\/div>\n                            <a href=\"https:\/\/english.asrafalastin.net\/?p=3278\" class=\"jeg_readmore\">Read more<\/a>\n                        <\/div>\n                        <div class=\"jeg_block_nav \"> \n                        \t<a href=\"#\" class=\"prev\">\n                        \t\t<i class=\"fa fa-angle-left\"><\/i>\n                                prev\n                        \t<\/a> \n                        \t<a href=\"#\" class=\"next\">\n                                next\n                        \t\t<i class=\"fa fa-angle-right\"><\/i>\n                        \t<\/a> \n                        <\/div>\n                    <\/div>\n                <\/div>\n                    <\/div>\n                <\/div>[\/vc_column][vc_column width=&#8221;1\/5&#8243;][vc_widget_sidebar sidebar_id=&#8221;mmm_menu_widgets_area_1&#8243;][\/vc_column][\/vc_row][vc_row][vc_column]\t<div  class=\"bs-shortcode bs-heading-shortcode bscb-28370 bsb-have-heading-color\">\r\n\t\t\t\t<h3 class=\"section-heading sh-t6 sh-s4\">\r\n\t\t\t\t<span class=\"h-text\"><i class=\"bf-icon  bsfi-youtube\"><\/i> Videos<\/span>\r\n\t\t\t\t<\/h3>\r\n\t\t\t<\/div>\r\n[\/vc_column][\/vc_row][vc_row][vc_column]<div class=\" bs-listing bs-listing-modern-grid-listing-3 bs-listing-single-tab pagination-animate\"><div class=\"bs-slider-items-container\" data-slider-animation-speed=\"10000\" data-slider-autoplay=\"1\" data-slider-control-dots=\"off\" data-slider-control-next-prev=\"style-3\" data-autoplaySpeed=\"3000\"><div class=\"bs-slider-controls main-term-none\"><div class=\"bs-control-nav  bs-control-nav-style-3\"><\/div><\/div><\/div><\/div>[\/vc_column][\/vc_row][vc_row full_width=&#8221;stretch_row&#8221; css=&#8221;.vc_custom_1614197961053{background-color: #f2f2f2 !important;}&#8221;][vc_column width=&#8221;1\/3&#8243;]<div class=\" bs-listing bs-listing-modern-grid-listing-4 bs-listing-single-tab pagination-animate\"><div class=\"bs-slider-items-container\" data-slider-animation-speed=\"750\" data-slider-autoplay=\"1\" data-slider-control-dots=\"off\" data-slider-control-next-prev=\"style-1\" data-autoplaySpeed=\"6000\">\t\t<div class=\"bs-pagination-wrapper main-term-20 slider bs-slider-first-item bs-slider-item bs-items-3\">\n\t\t\t<div class=\"listing listing-modern-grid listing-modern-grid-4 clearfix  slider-overlay-simple-gr columns-1\">\r\n\t\t<div class=\"post-1890 type-post format-standard has-post-thumbnail  listing-item-1 listing-item listing-mg-item listing-mg-4-item main-term-34 bsw-750\">\r\n\t<div class=\"item-content\">\r\n\t\t<a  title=\"A Statement from a number of NGOs\u2019 on US Campus protests\" data-src=\"https:\/\/english.asrafalastin.net\/wp-content\/uploads\/2023\/09\/Untitled-368x445.jpg\" data-bs-srcset=\"{&quot;baseurl&quot;:&quot;https:\\\/\\\/english.asrafalastin.net\\\/wp-content\\\/uploads\\\/2023\\\/09\\\/&quot;,&quot;sizes&quot;:{&quot;180&quot;:&quot;Untitled-180x217.jpg&quot;,&quot;267&quot;:&quot;Untitled-267x322.jpg&quot;,&quot;368&quot;:&quot;Untitled-368x445.jpg&quot;,&quot;960&quot;:&quot;Untitled.jpg&quot;}}\"\t\t\t\tclass=\"img-cont\" href=\"https:\/\/english.asrafalastin.net\/?p=1890\"><\/a>\r\n\t\t\t\t<div class=\"content-container\">\r\n\t\t\t<h3 class=\"title\">\t\t\t<a href=\"https:\/\/english.asrafalastin.net\/?p=1890\" class=\"post-url post-title\">\r\n\t\t\t\tA Statement from a number of NGOs\u2019 on US Campus protests\t\t\t<\/a>\r\n\t\t\t<\/h3>\t\t<div class=\"post-meta\">\r\n\r\n\t\t\t\t\t\t\t<span class=\"time\"><time class=\"post-published updated\"\r\n\t\t\t\t                         datetime=\"2024-04-30T19:32:56+03:00\">Apr 30, 2024<\/time><\/span>\r\n\t\t\t\t\t\t<\/div>\r\n\t\t\t\t<\/div>\r\n\t<\/div>\r\n\t<\/div >\r\n\t<\/div>\r\n\t\n\t<\/div>\t\t<div class=\"bs-pagination-wrapper main-term-20 slider  bs-slider-item bs-items-3\">\n\t\t\t<div class=\"listing listing-modern-grid listing-modern-grid-4 clearfix  slider-overlay-simple-gr columns-1\">\r\n\t\t<div class=\"post-1341 type-post format-standard has-post-thumbnail  listing-item-1 listing-item listing-mg-item listing-mg-4-item main-term-20 bsw-750\">\r\n\t<div class=\"item-content\">\r\n\t\t<a  title=\"Save the life of Khalil Awawda\" data-src=\"https:\/\/english.asrafalastin.net\/wp-content\/uploads\/2022\/08\/WhatsApp-Image-2022-08-09-at-9.49.23-PM-\u0646\u0633\u062e\u0629-\u0646\u0633\u062e\u0629-368x368.jpg\" data-bs-srcset=\"{&quot;baseurl&quot;:&quot;https:\\\/\\\/english.asrafalastin.net\\\/wp-content\\\/uploads\\\/2022\\\/08\\\/&quot;,&quot;sizes&quot;:{&quot;180&quot;:&quot;WhatsApp-Image-2022-08-09-at-9.49.23-PM-\\u0646\\u0633\\u062e\\u0629-\\u0646\\u0633\\u062e\\u0629-180x217.jpg&quot;,&quot;267&quot;:&quot;WhatsApp-Image-2022-08-09-at-9.49.23-PM-\\u0646\\u0633\\u062e\\u0629-\\u0646\\u0633\\u062e\\u0629-267x322.jpg&quot;,&quot;368&quot;:&quot;WhatsApp-Image-2022-08-09-at-9.49.23-PM-\\u0646\\u0633\\u062e\\u0629-\\u0646\\u0633\\u062e\\u0629-368x368.jpg&quot;,&quot;1071&quot;:&quot;WhatsApp-Image-2022-08-09-at-9.49.23-PM-\\u0646\\u0633\\u062e\\u0629-\\u0646\\u0633\\u062e\\u0629.jpg&quot;}}\"\t\t\t\tclass=\"img-cont\" href=\"https:\/\/english.asrafalastin.net\/?p=1341\"><\/a>\r\n\t\t\t\t<div class=\"content-container\">\r\n\t\t\t<h3 class=\"title\">\t\t\t<a href=\"https:\/\/english.asrafalastin.net\/?p=1341\" class=\"post-url post-title\">\r\n\t\t\t\tSave the life of Khalil Awawda\t\t\t<\/a>\r\n\t\t\t<\/h3>\t\t<div class=\"post-meta\">\r\n\r\n\t\t\t\t\t\t\t<span class=\"time\"><time class=\"post-published updated\"\r\n\t\t\t\t                         datetime=\"2022-08-17T15:51:26+03:00\">Aug 17, 2022<\/time><\/span>\r\n\t\t\t\t\t\t<\/div>\r\n\t\t\t\t<\/div>\r\n\t<\/div>\r\n\t<\/div >\r\n\t<\/div>\r\n\t\n\t<\/div>\t\t<div class=\"bs-pagination-wrapper main-term-20 slider  bs-slider-item bs-items-3\">\n\t\t\t<div class=\"listing listing-modern-grid listing-modern-grid-4 clearfix  slider-overlay-simple-gr columns-1\">\r\n\t\t<div class=\"post-1220 type-post format-standard has-post-thumbnail  listing-item-1 listing-item listing-mg-item listing-mg-4-item main-term-20 bsw-750\">\r\n\t<div class=\"item-content\">\r\n\t\t<a  title=\"Public opinion statement\" data-src=\"https:\/\/english.asrafalastin.net\/wp-content\/uploads\/2021\/12\/\u0644\u0648\u063a\u0648-368x445.jpg\" data-bs-srcset=\"{&quot;baseurl&quot;:&quot;https:\\\/\\\/english.asrafalastin.net\\\/wp-content\\\/uploads\\\/2021\\\/12\\\/&quot;,&quot;sizes&quot;:{&quot;180&quot;:&quot;\\u0644\\u0648\\u063a\\u0648-180x217.jpg&quot;,&quot;267&quot;:&quot;\\u0644\\u0648\\u063a\\u0648-267x322.jpg&quot;,&quot;368&quot;:&quot;\\u0644\\u0648\\u063a\\u0648-368x445.jpg&quot;,&quot;960&quot;:&quot;\\u0644\\u0648\\u063a\\u0648.jpg&quot;}}\"\t\t\t\tclass=\"img-cont\" href=\"https:\/\/english.asrafalastin.net\/?p=1220\"><\/a>\r\n\t\t\t\t<div class=\"content-container\">\r\n\t\t\t<h3 class=\"title\">\t\t\t<a href=\"https:\/\/english.asrafalastin.net\/?p=1220\" class=\"post-url post-title\">\r\n\t\t\t\tPublic opinion statement\t\t\t<\/a>\r\n\t\t\t<\/h3>\t\t<div class=\"post-meta\">\r\n\r\n\t\t\t\t\t\t\t<span class=\"time\"><time class=\"post-published updated\"\r\n\t\t\t\t                         datetime=\"2022-02-23T00:26:20+03:00\">Feb 23, 2022<\/time><\/span>\r\n\t\t\t\t\t\t<\/div>\r\n\t\t\t\t<\/div>\r\n\t<\/div>\r\n\t<\/div >\r\n\t<\/div>\r\n\t\n\t<\/div><div class=\"bs-slider-controls main-term-20\"><div class=\"bs-control-nav  bs-control-nav-style-1\"><\/div><\/div><\/div><\/div>[\/vc_column][vc_column width=&#8221;1\/3&#8243;]<div class=\" bs-listing bs-listing-listing-tall-2 bs-listing-single-tab pagination-animate\"><div class=\"bs-slider-items-container\" data-slider-animation-speed=\"750\" data-slider-autoplay=\"1\" data-slider-control-dots=\"off\" data-slider-control-next-prev=\"style-3\" data-autoplaySpeed=\"6500\">\t\t<div class=\"bs-pagination-wrapper main-term-35 slider bs-slider-first-item bs-slider-item bs-items-3\">\n\t\t\t<div class=\"listing listing-tall listing-tall-2 clearfix   columns-1\">\r\n\t\t<div class=\"post-1414 type-post format-standard has-post-thumbnail   listing-item listing-item-tall listing-item-tall-2 main-term-35\">\r\n\t<div class=\"item-inner clearfix\">\r\n\t\t\t\t\t<div class=\"featured clearfix\">\r\n\t\t\t\t\t\t\t\t<a  title=\"Administrative Dentition\" data-src=\"https:\/\/english.asrafalastin.net\/wp-content\/uploads\/2022\/11\/WhatsApp-Image-2022-10-26-at-11.43.21-AM1-368x445.jpeg\" data-bs-srcset=\"{&quot;baseurl&quot;:&quot;https:\\\/\\\/english.asrafalastin.net\\\/wp-content\\\/uploads\\\/2022\\\/11\\\/&quot;,&quot;sizes&quot;:{&quot;180&quot;:&quot;WhatsApp-Image-2022-10-26-at-11.43.21-AM1-180x217.jpeg&quot;,&quot;267&quot;:&quot;WhatsApp-Image-2022-10-26-at-11.43.21-AM1-267x322.jpeg&quot;,&quot;368&quot;:&quot;WhatsApp-Image-2022-10-26-at-11.43.21-AM1-368x445.jpeg&quot;,&quot;904&quot;:&quot;WhatsApp-Image-2022-10-26-at-11.43.21-AM1.jpeg&quot;}}\"\t\t\t\t\t\tclass=\"img-holder\" href=\"https:\/\/english.asrafalastin.net\/?p=1414\"><\/a>\r\n\t\t\t\t\t\t\t<\/div>\r\n\t\t<h3 class=\"title\">\t\t<a href=\"https:\/\/english.asrafalastin.net\/?p=1414\" class=\"post-title post-url\">\r\n\t\t\tAdministrative Dentition\t\t<\/a>\r\n\t\t<\/h3>\t\t<div class=\"post-meta\">\r\n\r\n\t\t\t\t\t\t\t<span class=\"time\"><time class=\"post-published updated\"\r\n\t\t\t\t                         datetime=\"2022-10-31T04:52:41+03:00\">4 years ago<\/time><\/span>\r\n\t\t\t\t\t\t<\/div>\r\n\t\t\t<\/div>\r\n\t<\/div >\r\n\t<\/div>\r\n\t\n\t<\/div>\t\t<div class=\"bs-pagination-wrapper main-term-35 slider  bs-slider-item bs-items-3\">\n\t\t\t<div class=\"listing listing-tall listing-tall-2 clearfix   columns-1\">\r\n\t\t<div class=\"post-1408 type-post format-standard has-post-thumbnail   listing-item listing-item-tall listing-item-tall-2 main-term-35\">\r\n\t<div class=\"item-inner clearfix\">\r\n\t\t\t\t\t<div class=\"featured clearfix\">\r\n\t\t\t\t\t\t\t\t<a  title=\"Soare&#8217;e D&#8217;information\" data-src=\"https:\/\/english.asrafalastin.net\/wp-content\/uploads\/2022\/11\/313436286_8354355821273371_360501748985076231_n-368x445.jpg\" data-bs-srcset=\"{&quot;baseurl&quot;:&quot;https:\\\/\\\/english.asrafalastin.net\\\/wp-content\\\/uploads\\\/2022\\\/11\\\/&quot;,&quot;sizes&quot;:{&quot;180&quot;:&quot;313436286_8354355821273371_360501748985076231_n-180x217.jpg&quot;,&quot;267&quot;:&quot;313436286_8354355821273371_360501748985076231_n-267x322.jpg&quot;,&quot;368&quot;:&quot;313436286_8354355821273371_360501748985076231_n-368x445.jpg&quot;,&quot;679&quot;:&quot;313436286_8354355821273371_360501748985076231_n.jpg&quot;}}\"\t\t\t\t\t\tclass=\"img-holder\" href=\"https:\/\/english.asrafalastin.net\/?p=1408\"><\/a>\r\n\t\t\t\t\t\t\t<\/div>\r\n\t\t<h3 class=\"title\">\t\t<a href=\"https:\/\/english.asrafalastin.net\/?p=1408\" class=\"post-title post-url\">\r\n\t\t\tSoare&#8217;e D&#8217;information\t\t<\/a>\r\n\t\t<\/h3>\t\t<div class=\"post-meta\">\r\n\r\n\t\t\t\t\t\t\t<span class=\"time\"><time class=\"post-published updated\"\r\n\t\t\t\t                         datetime=\"2022-10-29T04:45:50+03:00\">4 years ago<\/time><\/span>\r\n\t\t\t\t\t\t<\/div>\r\n\t\t\t<\/div>\r\n\t<\/div >\r\n\t<\/div>\r\n\t\n\t<\/div>\t\t<div class=\"bs-pagination-wrapper main-term-35 slider  bs-slider-item bs-items-3\">\n\t\t\t<div class=\"listing listing-tall listing-tall-2 clearfix   columns-1\">\r\n\t\t<div class=\"post-932 type-post format-standard has-post-thumbnail   listing-item listing-item-tall listing-item-tall-2 main-term-5\">\r\n\t<div class=\"item-inner clearfix\">\r\n\t\t\t\t\t<div class=\"featured clearfix\">\r\n\t\t\t\t\t\t\t\t<a  title=\"Soforthilfe f\u00fcr den Gazastreifen\" data-src=\"https:\/\/english.asrafalastin.net\/wp-content\/uploads\/2021\/05\/1-368x445.jpg\" data-bs-srcset=\"{&quot;baseurl&quot;:&quot;https:\\\/\\\/english.asrafalastin.net\\\/wp-content\\\/uploads\\\/2021\\\/05\\\/&quot;,&quot;sizes&quot;:{&quot;180&quot;:&quot;1-180x217.jpg&quot;,&quot;267&quot;:&quot;1-267x322.jpg&quot;,&quot;368&quot;:&quot;1-368x445.jpg&quot;,&quot;574&quot;:&quot;1.jpg&quot;}}\"\t\t\t\t\t\tclass=\"img-holder\" href=\"https:\/\/english.asrafalastin.net\/?p=932\"><\/a>\r\n\t\t\t\t\t\t\t<\/div>\r\n\t\t<h3 class=\"title\">\t\t<a href=\"https:\/\/english.asrafalastin.net\/?p=932\" class=\"post-title post-url\">\r\n\t\t\tSoforthilfe f\u00fcr den Gazastreifen\t\t<\/a>\r\n\t\t<\/h3>\t\t<div class=\"post-meta\">\r\n\r\n\t\t\t\t\t\t\t<span class=\"time\"><time class=\"post-published updated\"\r\n\t\t\t\t                         datetime=\"2021-05-19T03:13:31+03:00\">5 years ago<\/time><\/span>\r\n\t\t\t\t\t\t<\/div>\r\n\t\t\t<\/div>\r\n\t<\/div >\r\n\t<\/div>\r\n\t\n\t<\/div><div class=\"bs-slider-controls main-term-35\"><div class=\"bs-control-nav  bs-control-nav-style-3\"><\/div><\/div><\/div><\/div>[\/vc_column][vc_column width=&#8221;1\/3&#8243;]<div class=\" bs-listing bs-listing-listing-thumbnail-1 bs-listing-single-tab pagination-animate\">\t\t<h3 class=\"section-heading sh-t1 sh-s1 main-term-34\">\r\n\r\n\t\t\r\n\t\t\t\t\t\t\t<a href=\"https:\/\/english.asrafalastin.net\/?cat=34\" class=\"main-link\">\r\n\t\t\t\t\t\t\t<span class=\"h-text main-term-34\">\r\n\t\t\t\t\t\t\t\tNews\t\t\t\t\t\t\t<\/span>\r\n\t\t\t\t<\/a>\r\n\t\t\t\r\n\t\t\r\n\t\t<\/h3>\r\n\t\t<div class=\"bs-slider-items-container\" data-slider-animation-speed=\"750\" data-slider-autoplay=\"1\" data-slider-control-dots=\"off\" data-slider-control-next-prev=\"style-3\" data-autoplaySpeed=\"8000\">\t\t<div class=\"bs-pagination-wrapper main-term-34 slider bs-slider-first-item bs-slider-item bs-items-3\">\n\t\t\t<div class=\"listing listing-thumbnail listing-tb-1 clearfix columns-1\">\r\n\t\t<div class=\"post-3467 type-post format-standard has-post-thumbnail   listing-item listing-item-thumbnail listing-item-tb-1 main-term-34\">\r\n\t<div class=\"item-inner clearfix\">\r\n\t\t\t\t\t<div class=\"featured featured-type-featured-image\">\r\n\t\t\t\t<a  title=\"End of the Transfer of Security Prisoners to Courts Across the Country and Sessions from Inside the Prison\" data-src=\"https:\/\/english.asrafalastin.net\/wp-content\/uploads\/2025\/05\/fd26d277-bb5e-4e75-89d8-6e2c24acc41a-86x64.jpg\" data-bs-srcset=\"{&quot;baseurl&quot;:&quot;https:\\\/\\\/english.asrafalastin.net\\\/wp-content\\\/uploads\\\/2025\\\/05\\\/&quot;,&quot;sizes&quot;:{&quot;86&quot;:&quot;fd26d277-bb5e-4e75-89d8-6e2c24acc41a-86x64.jpg&quot;,&quot;210&quot;:&quot;fd26d277-bb5e-4e75-89d8-6e2c24acc41a-210x136.jpg&quot;,&quot;960&quot;:&quot;fd26d277-bb5e-4e75-89d8-6e2c24acc41a.jpg&quot;}}\"\t\t\t\t\t\tclass=\"img-holder\" href=\"https:\/\/english.asrafalastin.net\/?p=3467\"><\/a>\r\n\t\t\t\t\t\t\t<\/div>\r\n\t\t<h3 class=\"title\">\t\t<a href=\"https:\/\/english.asrafalastin.net\/?p=3467\" class=\"post-url post-title\">\r\n\t\t\tEnd of the Transfer of Security Prisoners to Courts Across&hellip;\t\t<\/a>\r\n\t\t<\/h3>\t\t<div class=\"post-meta\">\r\n\r\n\t\t\t\t\t\t\t<span class=\"time\"><time class=\"post-published updated\"\r\n\t\t\t\t                         datetime=\"2026-02-27T23:39:27+03:00\">Feb 27, 2026<\/time><\/span>\r\n\t\t\t\t\t\t<\/div>\r\n\t\t\t<\/div>\r\n\t<\/div >\r\n\t<div class=\"post-3464 type-post format-standard has-post-thumbnail   listing-item listing-item-thumbnail listing-item-tb-1 main-term-34\">\r\n\t<div class=\"item-inner clearfix\">\r\n\t\t\t\t\t<div class=\"featured featured-type-featured-image\">\r\n\t\t\t\t<a  title=\"the German Red Cross in Berlin received a memorandum regarding the situation of Palestinian\" data-src=\"https:\/\/english.asrafalastin.net\/wp-content\/uploads\/2026\/02\/the-German-Red-Cross-in-Berlin-received-a-memorandum-regarding-the-situation-of-Palestinian-86x64.jpg\" data-bs-srcset=\"{&quot;baseurl&quot;:&quot;https:\\\/\\\/english.asrafalastin.net\\\/wp-content\\\/uploads\\\/2026\\\/02\\\/&quot;,&quot;sizes&quot;:{&quot;86&quot;:&quot;the-German-Red-Cross-in-Berlin-received-a-memorandum-regarding-the-situation-of-Palestinian-86x64.jpg&quot;,&quot;210&quot;:&quot;the-German-Red-Cross-in-Berlin-received-a-memorandum-regarding-the-situation-of-Palestinian-210x136.jpg&quot;,&quot;2040&quot;:&quot;the-German-Red-Cross-in-Berlin-received-a-memorandum-regarding-the-situation-of-Palestinian.jpg&quot;}}\"\t\t\t\t\t\tclass=\"img-holder\" href=\"https:\/\/english.asrafalastin.net\/?p=3464\"><\/a>\r\n\t\t\t\t\t\t\t<\/div>\r\n\t\t<h3 class=\"title\">\t\t<a href=\"https:\/\/english.asrafalastin.net\/?p=3464\" class=\"post-url post-title\">\r\n\t\t\tthe German Red Cross in Berlin received a memorandum&hellip;\t\t<\/a>\r\n\t\t<\/h3>\t\t<div class=\"post-meta\">\r\n\r\n\t\t\t\t\t\t\t<span class=\"time\"><time class=\"post-published updated\"\r\n\t\t\t\t                         datetime=\"2026-02-22T21:49:45+03:00\">Feb 22, 2026<\/time><\/span>\r\n\t\t\t\t\t\t<\/div>\r\n\t\t\t<\/div>\r\n\t<\/div >\r\n\t<div class=\"post-3443 type-post format-standard has-post-thumbnail   listing-item listing-item-thumbnail listing-item-tb-1 main-term-34\">\r\n\t<div class=\"item-inner clearfix\">\r\n\t\t\t\t\t<div class=\"featured featured-type-featured-image\">\r\n\t\t\t\t<a  title=\"Occupation Crimes Against Prisoners Before International Courts\" data-src=\"https:\/\/english.asrafalastin.net\/wp-content\/uploads\/2025\/05\/fd26d277-bb5e-4e75-89d8-6e2c24acc41a-86x64.jpg\" data-bs-srcset=\"{&quot;baseurl&quot;:&quot;https:\\\/\\\/english.asrafalastin.net\\\/wp-content\\\/uploads\\\/2025\\\/05\\\/&quot;,&quot;sizes&quot;:{&quot;86&quot;:&quot;fd26d277-bb5e-4e75-89d8-6e2c24acc41a-86x64.jpg&quot;,&quot;210&quot;:&quot;fd26d277-bb5e-4e75-89d8-6e2c24acc41a-210x136.jpg&quot;,&quot;960&quot;:&quot;fd26d277-bb5e-4e75-89d8-6e2c24acc41a.jpg&quot;}}\"\t\t\t\t\t\tclass=\"img-holder\" href=\"https:\/\/english.asrafalastin.net\/?p=3443\"><\/a>\r\n\t\t\t\t\t\t\t<\/div>\r\n\t\t<h3 class=\"title\">\t\t<a href=\"https:\/\/english.asrafalastin.net\/?p=3443\" class=\"post-url post-title\">\r\n\t\t\tOccupation Crimes Against Prisoners Before International&hellip;\t\t<\/a>\r\n\t\t<\/h3>\t\t<div class=\"post-meta\">\r\n\r\n\t\t\t\t\t\t\t<span class=\"time\"><time class=\"post-published updated\"\r\n\t\t\t\t                         datetime=\"2025-12-16T18:09:26+03:00\">Dec 16, 2025<\/time><\/span>\r\n\t\t\t\t\t\t<\/div>\r\n\t\t\t<\/div>\r\n\t<\/div >\r\n\t<div class=\"post-3440 type-post format-standard has-post-thumbnail   listing-item listing-item-thumbnail listing-item-tb-1 main-term-34\">\r\n\t<div class=\"item-inner clearfix\">\r\n\t\t\t\t\t<div class=\"featured featured-type-featured-image\">\r\n\t\t\t\t<a  title=\"Rest In Peace? Zionist Organ Theft\u00a0\" data-src=\"https:\/\/english.asrafalastin.net\/wp-content\/uploads\/2025\/12\/574582300_2645990462460463_2076680947549167519_n-86x64.jpg\" data-bs-srcset=\"{&quot;baseurl&quot;:&quot;https:\\\/\\\/english.asrafalastin.net\\\/wp-content\\\/uploads\\\/2025\\\/12\\\/&quot;,&quot;sizes&quot;:{&quot;86&quot;:&quot;574582300_2645990462460463_2076680947549167519_n-86x64.jpg&quot;,&quot;210&quot;:&quot;574582300_2645990462460463_2076680947549167519_n-210x136.jpg&quot;,&quot;590&quot;:&quot;574582300_2645990462460463_2076680947549167519_n.jpg&quot;}}\"\t\t\t\t\t\tclass=\"img-holder\" href=\"https:\/\/english.asrafalastin.net\/?p=3440\"><\/a>\r\n\t\t\t\t\t\t\t<\/div>\r\n\t\t<h3 class=\"title\">\t\t<a href=\"https:\/\/english.asrafalastin.net\/?p=3440\" class=\"post-url post-title\">\r\n\t\t\tRest In Peace? Zionist Organ Theft\u00a0\t\t<\/a>\r\n\t\t<\/h3>\t\t<div class=\"post-meta\">\r\n\r\n\t\t\t\t\t\t\t<span class=\"time\"><time class=\"post-published updated\"\r\n\t\t\t\t                         datetime=\"2025-12-16T18:07:03+03:00\">Dec 16, 2025<\/time><\/span>\r\n\t\t\t\t\t\t<\/div>\r\n\t\t\t<\/div>\r\n\t<\/div >\r\n\t<div class=\"post-3437 type-post format-standard has-post-thumbnail   listing-item listing-item-thumbnail listing-item-tb-1 main-term-34\">\r\n\t<div class=\"item-inner clearfix\">\r\n\t\t\t\t\t<div class=\"featured featured-type-featured-image\">\r\n\t\t\t\t<a  title=\"The Disappearance of Dr. Abu Safiya | Fault Lines Documentary\" data-src=\"https:\/\/english.asrafalastin.net\/wp-content\/uploads\/2025\/12\/Annotation-2025-12-16-173652-86x64.jpg\" data-bs-srcset=\"{&quot;baseurl&quot;:&quot;https:\\\/\\\/english.asrafalastin.net\\\/wp-content\\\/uploads\\\/2025\\\/12\\\/&quot;,&quot;sizes&quot;:{&quot;86&quot;:&quot;Annotation-2025-12-16-173652-86x64.jpg&quot;,&quot;210&quot;:&quot;Annotation-2025-12-16-173652-210x136.jpg&quot;,&quot;1342&quot;:&quot;Annotation-2025-12-16-173652.jpg&quot;}}\"\t\t\t\t\t\tclass=\"img-holder\" href=\"https:\/\/english.asrafalastin.net\/?p=3437\"><\/a>\r\n\t\t\t\t\t\t\t<\/div>\r\n\t\t<h3 class=\"title\">\t\t<a href=\"https:\/\/english.asrafalastin.net\/?p=3437\" class=\"post-url post-title\">\r\n\t\t\tThe Disappearance of Dr. Abu Safiya | Fault Lines&hellip;\t\t<\/a>\r\n\t\t<\/h3>\t\t<div class=\"post-meta\">\r\n\r\n\t\t\t\t\t\t\t<span class=\"time\"><time class=\"post-published updated\"\r\n\t\t\t\t                         datetime=\"2025-12-16T17:46:13+03:00\">Dec 16, 2025<\/time><\/span>\r\n\t\t\t\t\t\t<\/div>\r\n\t\t\t<\/div>\r\n\t<\/div >\r\n\t<div class=\"post-3432 type-post format-standard has-post-thumbnail   listing-item listing-item-thumbnail listing-item-tb-1 main-term-34\">\r\n\t<div class=\"item-inner clearfix\">\r\n\t\t\t\t\t<div class=\"featured featured-type-featured-image\">\r\n\t\t\t\t<a  title=\"We are all Gaza!\" data-src=\"https:\/\/english.asrafalastin.net\/wp-content\/uploads\/2025\/11\/WhatsApp-Image-2025-11-28-at-3.33.48-PM-86x64.jpeg\" data-bs-srcset=\"{&quot;baseurl&quot;:&quot;https:\\\/\\\/english.asrafalastin.net\\\/wp-content\\\/uploads\\\/2025\\\/11\\\/&quot;,&quot;sizes&quot;:{&quot;86&quot;:&quot;WhatsApp-Image-2025-11-28-at-3.33.48-PM-86x64.jpeg&quot;,&quot;210&quot;:&quot;WhatsApp-Image-2025-11-28-at-3.33.48-PM-210x136.jpeg&quot;,&quot;1080&quot;:&quot;WhatsApp-Image-2025-11-28-at-3.33.48-PM.jpeg&quot;}}\"\t\t\t\t\t\tclass=\"img-holder\" href=\"https:\/\/english.asrafalastin.net\/?p=3432\"><\/a>\r\n\t\t\t\t\t\t\t<\/div>\r\n\t\t<h3 class=\"title\">\t\t<a href=\"https:\/\/english.asrafalastin.net\/?p=3432\" class=\"post-url post-title\">\r\n\t\t\tWe are all Gaza!\t\t<\/a>\r\n\t\t<\/h3>\t\t<div class=\"post-meta\">\r\n\r\n\t\t\t\t\t\t\t<span class=\"time\"><time class=\"post-published updated\"\r\n\t\t\t\t                         datetime=\"2025-11-28T16:19:37+03:00\">Nov 28, 2025<\/time><\/span>\r\n\t\t\t\t\t\t<\/div>\r\n\t\t\t<\/div>\r\n\t<\/div >\r\n\t<\/div>\r\n\t\n\t<\/div>\t\t<div class=\"bs-pagination-wrapper main-term-34 slider  bs-slider-item bs-items-3\">\n\t\t\t<div class=\"listing listing-thumbnail listing-tb-1 clearfix columns-1\">\r\n\t\t<div class=\"post-3429 type-post format-standard has-post-thumbnail   listing-item listing-item-thumbnail listing-item-tb-1 main-term-34\">\r\n\t<div class=\"item-inner clearfix\">\r\n\t\t\t\t\t<div class=\"featured featured-type-featured-image\">\r\n\t\t\t\t<a  title=\"A harrowing account from imprisoned Palestinian journalist Farah Abu Ayyash has emerged:\" data-src=\"https:\/\/english.asrafalastin.net\/wp-content\/uploads\/2025\/11\/WhatsApp-Image-2025-11-26-at-3.06.42-PM-86x64.jpeg\" data-bs-srcset=\"{&quot;baseurl&quot;:&quot;https:\\\/\\\/english.asrafalastin.net\\\/wp-content\\\/uploads\\\/2025\\\/11\\\/&quot;,&quot;sizes&quot;:{&quot;86&quot;:&quot;WhatsApp-Image-2025-11-26-at-3.06.42-PM-86x64.jpeg&quot;,&quot;210&quot;:&quot;WhatsApp-Image-2025-11-26-at-3.06.42-PM-210x136.jpeg&quot;,&quot;1130&quot;:&quot;WhatsApp-Image-2025-11-26-at-3.06.42-PM.jpeg&quot;}}\"\t\t\t\t\t\tclass=\"img-holder\" href=\"https:\/\/english.asrafalastin.net\/?p=3429\"><\/a>\r\n\t\t\t\t\t\t\t<\/div>\r\n\t\t<h3 class=\"title\">\t\t<a href=\"https:\/\/english.asrafalastin.net\/?p=3429\" class=\"post-url post-title\">\r\n\t\t\tA harrowing account from imprisoned Palestinian journalist&hellip;\t\t<\/a>\r\n\t\t<\/h3>\t\t<div class=\"post-meta\">\r\n\r\n\t\t\t\t\t\t\t<span class=\"time\"><time class=\"post-published updated\"\r\n\t\t\t\t                         datetime=\"2025-11-26T20:24:15+03:00\">Nov 26, 2025<\/time><\/span>\r\n\t\t\t\t\t\t<\/div>\r\n\t\t\t<\/div>\r\n\t<\/div >\r\n\t<div class=\"post-3425 type-post format-standard has-post-thumbnail   listing-item listing-item-thumbnail listing-item-tb-1 main-term-34\">\r\n\t<div class=\"item-inner clearfix\">\r\n\t\t\t\t\t<div class=\"featured featured-type-featured-image\">\r\n\t\t\t\t<a  title=\"Israels ockupationsbrott mot palestinska f\u00e5ngar och martyrer \u2013 en uppmaning till utredning och ansvarsutkr\u00e4vande\" data-src=\"https:\/\/english.asrafalastin.net\/wp-content\/uploads\/2025\/05\/fd26d277-bb5e-4e75-89d8-6e2c24acc41a-86x64.jpg\" data-bs-srcset=\"{&quot;baseurl&quot;:&quot;https:\\\/\\\/english.asrafalastin.net\\\/wp-content\\\/uploads\\\/2025\\\/05\\\/&quot;,&quot;sizes&quot;:{&quot;86&quot;:&quot;fd26d277-bb5e-4e75-89d8-6e2c24acc41a-86x64.jpg&quot;,&quot;210&quot;:&quot;fd26d277-bb5e-4e75-89d8-6e2c24acc41a-210x136.jpg&quot;,&quot;960&quot;:&quot;fd26d277-bb5e-4e75-89d8-6e2c24acc41a.jpg&quot;}}\"\t\t\t\t\t\tclass=\"img-holder\" href=\"https:\/\/english.asrafalastin.net\/?p=3425\"><\/a>\r\n\t\t\t\t\t\t\t<\/div>\r\n\t\t<h3 class=\"title\">\t\t<a href=\"https:\/\/english.asrafalastin.net\/?p=3425\" class=\"post-url post-title\">\r\n\t\t\tIsraels ockupationsbrott mot palestinska f\u00e5ngar och martyrer&hellip;\t\t<\/a>\r\n\t\t<\/h3>\t\t<div class=\"post-meta\">\r\n\r\n\t\t\t\t\t\t\t<span class=\"time\"><time class=\"post-published updated\"\r\n\t\t\t\t                         datetime=\"2025-10-24T20:40:30+03:00\">Oct 24, 2025<\/time><\/span>\r\n\t\t\t\t\t\t<\/div>\r\n\t\t\t<\/div>\r\n\t<\/div >\r\n\t<div class=\"post-3420 type-post format-standard has-post-thumbnail   listing-item listing-item-thumbnail listing-item-tb-1 main-term-34\">\r\n\t<div class=\"item-inner clearfix\">\r\n\t\t\t\t\t<div class=\"featured featured-type-featured-image\">\r\n\t\t\t\t<a  title=\"Obligations of Israel in relation to the Presence and Activities of the United Nations, Other International Organizations and Third States in and in relation to the Occupied Palestinian Territory\" data-src=\"https:\/\/english.asrafalastin.net\/wp-content\/uploads\/2025\/10\/GettyImages-1954683174-scaled-1-86x64.jpg\" data-bs-srcset=\"{&quot;baseurl&quot;:&quot;https:\\\/\\\/english.asrafalastin.net\\\/wp-content\\\/uploads\\\/2025\\\/10\\\/&quot;,&quot;sizes&quot;:{&quot;86&quot;:&quot;GettyImages-1954683174-scaled-1-86x64.jpg&quot;,&quot;210&quot;:&quot;GettyImages-1954683174-scaled-1-210x136.jpg&quot;,&quot;935&quot;:&quot;GettyImages-1954683174-scaled-1.jpg&quot;}}\"\t\t\t\t\t\tclass=\"img-holder\" href=\"https:\/\/english.asrafalastin.net\/?p=3420\"><\/a>\r\n\t\t\t\t\t\t\t<\/div>\r\n\t\t<h3 class=\"title\">\t\t<a href=\"https:\/\/english.asrafalastin.net\/?p=3420\" class=\"post-url post-title\">\r\n\t\t\tObligations of Israel in relation to the Presence and&hellip;\t\t<\/a>\r\n\t\t<\/h3>\t\t<div class=\"post-meta\">\r\n\r\n\t\t\t\t\t\t\t<span class=\"time\"><time class=\"post-published updated\"\r\n\t\t\t\t                         datetime=\"2025-10-24T20:36:25+03:00\">Oct 24, 2025<\/time><\/span>\r\n\t\t\t\t\t\t<\/div>\r\n\t\t\t<\/div>\r\n\t<\/div >\r\n\t<div class=\"post-3417 type-post format-standard has-post-thumbnail   listing-item listing-item-thumbnail listing-item-tb-1 main-term-34\">\r\n\t<div class=\"item-inner clearfix\">\r\n\t\t\t\t\t<div class=\"featured featured-type-featured-image\">\r\n\t\t\t\t<a  title=\"Initiative pour la justice au profit des victimes de g\u00e9nocide et pour le soutien \u00e0 la Cour p\u00e9nale internationale\" data-src=\"https:\/\/english.asrafalastin.net\/wp-content\/uploads\/2025\/10\/Screenshot-2025-10-20-at-11-13-16-\u0648\u0627\u062a\u0633\u0627\u0628-86x64.png\" data-bs-srcset=\"{&quot;baseurl&quot;:&quot;https:\\\/\\\/english.asrafalastin.net\\\/wp-content\\\/uploads\\\/2025\\\/10\\\/&quot;,&quot;sizes&quot;:{&quot;86&quot;:&quot;Screenshot-2025-10-20-at-11-13-16-\\u0648\\u0627\\u062a\\u0633\\u0627\\u0628-86x64.png&quot;,&quot;210&quot;:&quot;Screenshot-2025-10-20-at-11-13-16-\\u0648\\u0627\\u062a\\u0633\\u0627\\u0628-210x136.png&quot;,&quot;330&quot;:&quot;Screenshot-2025-10-20-at-11-13-16-\\u0648\\u0627\\u062a\\u0633\\u0627\\u0628.png&quot;}}\"\t\t\t\t\t\tclass=\"img-holder\" href=\"https:\/\/english.asrafalastin.net\/?p=3417\"><\/a>\r\n\t\t\t\t\t\t\t<\/div>\r\n\t\t<h3 class=\"title\">\t\t<a href=\"https:\/\/english.asrafalastin.net\/?p=3417\" class=\"post-url post-title\">\r\n\t\t\tInitiative pour la justice au profit des victimes de&hellip;\t\t<\/a>\r\n\t\t<\/h3>\t\t<div class=\"post-meta\">\r\n\r\n\t\t\t\t\t\t\t<span class=\"time\"><time class=\"post-published updated\"\r\n\t\t\t\t                         datetime=\"2025-10-20T11:13:37+03:00\">Oct 20, 2025<\/time><\/span>\r\n\t\t\t\t\t\t<\/div>\r\n\t\t\t<\/div>\r\n\t<\/div >\r\n\t<div class=\"post-3409 type-post format-standard has-post-thumbnail   listing-item listing-item-thumbnail listing-item-tb-1 main-term-34\">\r\n\t<div class=\"item-inner clearfix\">\r\n\t\t\t\t\t<div class=\"featured featured-type-featured-image\">\r\n\t\t\t\t<a  title=\"Gratulationen an die befreiten pal\u00e4stinensischen Gefangenen heute\" data-src=\"https:\/\/english.asrafalastin.net\/wp-content\/uploads\/2025\/10\/10030-86x64.jpg\" data-bs-srcset=\"{&quot;baseurl&quot;:&quot;https:\\\/\\\/english.asrafalastin.net\\\/wp-content\\\/uploads\\\/2025\\\/10\\\/&quot;,&quot;sizes&quot;:{&quot;86&quot;:&quot;10030-86x64.jpg&quot;,&quot;210&quot;:&quot;10030-210x136.jpg&quot;,&quot;2048&quot;:&quot;10030.jpg&quot;}}\"\t\t\t\t\t\tclass=\"img-holder\" href=\"https:\/\/english.asrafalastin.net\/?p=3409\"><\/a>\r\n\t\t\t\t\t\t\t<\/div>\r\n\t\t<h3 class=\"title\">\t\t<a href=\"https:\/\/english.asrafalastin.net\/?p=3409\" class=\"post-url post-title\">\r\n\t\t\tGratulationen an die befreiten pal\u00e4stinensischen Gefangenen&hellip;\t\t<\/a>\r\n\t\t<\/h3>\t\t<div class=\"post-meta\">\r\n\r\n\t\t\t\t\t\t\t<span class=\"time\"><time class=\"post-published updated\"\r\n\t\t\t\t                         datetime=\"2025-10-13T11:09:53+03:00\">Oct 13, 2025<\/time><\/span>\r\n\t\t\t\t\t\t<\/div>\r\n\t\t\t<\/div>\r\n\t<\/div >\r\n\t<div class=\"post-3397 type-post format-standard has-post-thumbnail   listing-item listing-item-thumbnail listing-item-tb-1 main-term-34\">\r\n\t<div class=\"item-inner clearfix\">\r\n\t\t\t\t\t<div class=\"featured featured-type-featured-image\">\r\n\t\t\t\t<a  title=\"At the invitation of the &#8220;Stop Israel&#8221; movement, the city of Malm\u00f6 witnessed a large public demonstration today,\" data-src=\"https:\/\/english.asrafalastin.net\/wp-content\/uploads\/2025\/10\/WhatsApp-Image-2025-10-13-at-1.35.12-PM1-86x64.jpeg\" data-bs-srcset=\"{&quot;baseurl&quot;:&quot;https:\\\/\\\/english.asrafalastin.net\\\/wp-content\\\/uploads\\\/2025\\\/10\\\/&quot;,&quot;sizes&quot;:{&quot;86&quot;:&quot;WhatsApp-Image-2025-10-13-at-1.35.12-PM1-86x64.jpeg&quot;,&quot;210&quot;:&quot;WhatsApp-Image-2025-10-13-at-1.35.12-PM1-210x136.jpeg&quot;,&quot;652&quot;:&quot;WhatsApp-Image-2025-10-13-at-1.35.12-PM1.jpeg&quot;}}\"\t\t\t\t\t\tclass=\"img-holder\" href=\"https:\/\/english.asrafalastin.net\/?p=3397\"><\/a>\r\n\t\t\t\t\t\t\t<\/div>\r\n\t\t<h3 class=\"title\">\t\t<a href=\"https:\/\/english.asrafalastin.net\/?p=3397\" class=\"post-url post-title\">\r\n\t\t\tAt the invitation of the &#8220;Stop Israel&#8221; movement,&hellip;\t\t<\/a>\r\n\t\t<\/h3>\t\t<div class=\"post-meta\">\r\n\r\n\t\t\t\t\t\t\t<span class=\"time\"><time class=\"post-published updated\"\r\n\t\t\t\t                         datetime=\"2025-10-12T11:03:18+03:00\">Oct 12, 2025<\/time><\/span>\r\n\t\t\t\t\t\t<\/div>\r\n\t\t\t<\/div>\r\n\t<\/div >\r\n\t<\/div>\r\n\t\n\t<\/div>\t\t<div class=\"bs-pagination-wrapper main-term-34 slider  bs-slider-item bs-items-3\">\n\t\t\t<div class=\"listing listing-thumbnail listing-tb-1 clearfix columns-1\">\r\n\t\t<div class=\"post-3394 type-post format-standard has-post-thumbnail   listing-item listing-item-thumbnail listing-item-tb-1 main-term-34\">\r\n\t<div class=\"item-inner clearfix\">\r\n\t\t\t\t\t<div class=\"featured featured-type-featured-image\">\r\n\t\t\t\t<a  title=\"Stop the war on Gaza\" data-src=\"https:\/\/english.asrafalastin.net\/wp-content\/uploads\/2025\/05\/fd26d277-bb5e-4e75-89d8-6e2c24acc41a-86x64.jpg\" data-bs-srcset=\"{&quot;baseurl&quot;:&quot;https:\\\/\\\/english.asrafalastin.net\\\/wp-content\\\/uploads\\\/2025\\\/05\\\/&quot;,&quot;sizes&quot;:{&quot;86&quot;:&quot;fd26d277-bb5e-4e75-89d8-6e2c24acc41a-86x64.jpg&quot;,&quot;210&quot;:&quot;fd26d277-bb5e-4e75-89d8-6e2c24acc41a-210x136.jpg&quot;,&quot;960&quot;:&quot;fd26d277-bb5e-4e75-89d8-6e2c24acc41a.jpg&quot;}}\"\t\t\t\t\t\tclass=\"img-holder\" href=\"https:\/\/english.asrafalastin.net\/?p=3394\"><\/a>\r\n\t\t\t\t\t\t\t<\/div>\r\n\t\t<h3 class=\"title\">\t\t<a href=\"https:\/\/english.asrafalastin.net\/?p=3394\" class=\"post-url post-title\">\r\n\t\t\tStop the war on Gaza\t\t<\/a>\r\n\t\t<\/h3>\t\t<div class=\"post-meta\">\r\n\r\n\t\t\t\t\t\t\t<span class=\"time\"><time class=\"post-published updated\"\r\n\t\t\t\t                         datetime=\"2025-08-20T10:25:25+03:00\">Aug 20, 2025<\/time><\/span>\r\n\t\t\t\t\t\t<\/div>\r\n\t\t\t<\/div>\r\n\t<\/div >\r\n\t<div class=\"post-3280 type-post format-standard has-post-thumbnail   listing-item listing-item-thumbnail listing-item-tb-1 main-term-34\">\r\n\t<div class=\"item-inner clearfix\">\r\n\t\t\t\t\t<div class=\"featured featured-type-featured-image\">\r\n\t\t\t\t<a  title=\"Presentar una demanda ante la Corte Penal Internacional contra las autoridades de ocupaci\u00f3n\" data-src=\"https:\/\/english.asrafalastin.net\/wp-content\/uploads\/2025\/07\/122112-86x64.jpg\" data-bs-srcset=\"{&quot;baseurl&quot;:&quot;https:\\\/\\\/english.asrafalastin.net\\\/wp-content\\\/uploads\\\/2025\\\/07\\\/&quot;,&quot;sizes&quot;:{&quot;86&quot;:&quot;122112-86x64.jpg&quot;,&quot;210&quot;:&quot;122112-210x136.jpg&quot;,&quot;1100&quot;:&quot;122112.jpg&quot;}}\"\t\t\t\t\t\tclass=\"img-holder\" href=\"https:\/\/english.asrafalastin.net\/?p=3280\"><\/a>\r\n\t\t\t\t\t\t\t<\/div>\r\n\t\t<h3 class=\"title\">\t\t<a href=\"https:\/\/english.asrafalastin.net\/?p=3280\" class=\"post-url post-title\">\r\n\t\t\tPresentar una demanda ante la Corte Penal Internacional&hellip;\t\t<\/a>\r\n\t\t<\/h3>\t\t<div class=\"post-meta\">\r\n\r\n\t\t\t\t\t\t\t<span class=\"time\"><time class=\"post-published updated\"\r\n\t\t\t\t                         datetime=\"2025-07-10T21:04:23+03:00\">Jul 10, 2025<\/time><\/span>\r\n\t\t\t\t\t\t<\/div>\r\n\t\t\t<\/div>\r\n\t<\/div >\r\n\t<div class=\"post-3278 type-post format-standard has-post-thumbnail   listing-item listing-item-thumbnail listing-item-tb-1 main-term-34\">\r\n\t<div class=\"item-inner clearfix\">\r\n\t\t\t\t\t<div class=\"featured featured-type-featured-image\">\r\n\t\t\t\t<a  title=\"Filing a lawsuit with the International Criminal Court against the occupying authorities\" data-src=\"https:\/\/english.asrafalastin.net\/wp-content\/uploads\/2025\/07\/122112-86x64.jpg\" data-bs-srcset=\"{&quot;baseurl&quot;:&quot;https:\\\/\\\/english.asrafalastin.net\\\/wp-content\\\/uploads\\\/2025\\\/07\\\/&quot;,&quot;sizes&quot;:{&quot;86&quot;:&quot;122112-86x64.jpg&quot;,&quot;210&quot;:&quot;122112-210x136.jpg&quot;,&quot;1100&quot;:&quot;122112.jpg&quot;}}\"\t\t\t\t\t\tclass=\"img-holder\" href=\"https:\/\/english.asrafalastin.net\/?p=3278\"><\/a>\r\n\t\t\t\t\t\t\t<\/div>\r\n\t\t<h3 class=\"title\">\t\t<a href=\"https:\/\/english.asrafalastin.net\/?p=3278\" class=\"post-url post-title\">\r\n\t\t\tFiling a lawsuit with the International Criminal Court&hellip;\t\t<\/a>\r\n\t\t<\/h3>\t\t<div class=\"post-meta\">\r\n\r\n\t\t\t\t\t\t\t<span class=\"time\"><time class=\"post-published updated\"\r\n\t\t\t\t                         datetime=\"2025-07-10T21:01:36+03:00\">Jul 10, 2025<\/time><\/span>\r\n\t\t\t\t\t\t<\/div>\r\n\t\t\t<\/div>\r\n\t<\/div >\r\n\t<div class=\"post-2414 type-post format-standard has-post-thumbnail   listing-item listing-item-thumbnail listing-item-tb-1 main-term-34\">\r\n\t<div class=\"item-inner clearfix\">\r\n\t\t\t\t\t<div class=\"featured featured-type-featured-image\">\r\n\t\t\t\t<a  title=\"Invitation to participate in the press conference to be held by the brave lawyers in The Hague\" data-src=\"https:\/\/english.asrafalastin.net\/wp-content\/uploads\/2025\/07\/WhatsApp-Image-2025-07-03-at-2.29.55-PM1-86x64.jpeg\" data-bs-srcset=\"{&quot;baseurl&quot;:&quot;https:\\\/\\\/english.asrafalastin.net\\\/wp-content\\\/uploads\\\/2025\\\/07\\\/&quot;,&quot;sizes&quot;:{&quot;86&quot;:&quot;WhatsApp-Image-2025-07-03-at-2.29.55-PM1-86x64.jpeg&quot;,&quot;210&quot;:&quot;WhatsApp-Image-2025-07-03-at-2.29.55-PM1-210x136.jpeg&quot;,&quot;1095&quot;:&quot;WhatsApp-Image-2025-07-03-at-2.29.55-PM1.jpeg&quot;}}\"\t\t\t\t\t\tclass=\"img-holder\" href=\"https:\/\/english.asrafalastin.net\/?p=2414\"><\/a>\r\n\t\t\t\t\t\t\t<\/div>\r\n\t\t<h3 class=\"title\">\t\t<a href=\"https:\/\/english.asrafalastin.net\/?p=2414\" class=\"post-url post-title\">\r\n\t\t\tInvitation to participate in the press conference to be held&hellip;\t\t<\/a>\r\n\t\t<\/h3>\t\t<div class=\"post-meta\">\r\n\r\n\t\t\t\t\t\t\t<span class=\"time\"><time class=\"post-published updated\"\r\n\t\t\t\t                         datetime=\"2025-07-05T11:57:27+03:00\">Jul 5, 2025<\/time><\/span>\r\n\t\t\t\t\t\t<\/div>\r\n\t\t\t<\/div>\r\n\t<\/div >\r\n\t<div class=\"post-2406 type-post format-standard has-post-thumbnail   listing-item listing-item-thumbnail listing-item-tb-1 main-term-34\">\r\n\t<div class=\"item-inner clearfix\">\r\n\t\t\t\t\t<div class=\"featured featured-type-featured-image\">\r\n\t\t\t\t<a  title=\"Mr. Peter Eisenstein  honorary president of the European alliance\" data-src=\"https:\/\/english.asrafalastin.net\/wp-content\/uploads\/2021\/02\/141346303_5074099139299072_8460799474052810418_n-86x64.jpg\" data-bs-srcset=\"{&quot;baseurl&quot;:&quot;https:\\\/\\\/english.asrafalastin.net\\\/wp-content\\\/uploads\\\/2021\\\/02\\\/&quot;,&quot;sizes&quot;:{&quot;86&quot;:&quot;141346303_5074099139299072_8460799474052810418_n-86x64.jpg&quot;,&quot;210&quot;:&quot;141346303_5074099139299072_8460799474052810418_n-210x136.jpg&quot;,&quot;583&quot;:&quot;141346303_5074099139299072_8460799474052810418_n.jpg&quot;}}\"\t\t\t\t\t\tclass=\"img-holder\" href=\"https:\/\/english.asrafalastin.net\/?p=2406\"><\/a>\r\n\t\t\t\t\t\t\t<\/div>\r\n\t\t<h3 class=\"title\">\t\t<a href=\"https:\/\/english.asrafalastin.net\/?p=2406\" class=\"post-url post-title\">\r\n\t\t\tMr. Peter Eisenstein  honorary president of the European&hellip;\t\t<\/a>\r\n\t\t<\/h3>\t\t<div class=\"post-meta\">\r\n\r\n\t\t\t\t\t\t\t<span class=\"time\"><time class=\"post-published updated\"\r\n\t\t\t\t                         datetime=\"2025-06-13T00:30:36+03:00\">Jun 13, 2025<\/time><\/span>\r\n\t\t\t\t\t\t<\/div>\r\n\t\t\t<\/div>\r\n\t<\/div >\r\n\t<div class=\"post-2392 type-post format-standard has-post-thumbnail   listing-item listing-item-thumbnail listing-item-tb-1 main-term-34\">\r\n\t<div class=\"item-inner clearfix\">\r\n\t\t\t\t\t<div class=\"featured featured-type-featured-image\">\r\n\t\t\t\t<a  title=\"Israel secuestra a Greta Thunberg\" data-src=\"https:\/\/english.asrafalastin.net\/wp-content\/uploads\/2025\/06\/greta_1-86x64.jpg\" data-bs-srcset=\"{&quot;baseurl&quot;:&quot;https:\\\/\\\/english.asrafalastin.net\\\/wp-content\\\/uploads\\\/2025\\\/06\\\/&quot;,&quot;sizes&quot;:{&quot;86&quot;:&quot;greta_1-86x64.jpg&quot;,&quot;210&quot;:&quot;greta_1-210x136.jpg&quot;,&quot;800&quot;:&quot;greta_1.jpg&quot;}}\"\t\t\t\t\t\tclass=\"img-holder\" href=\"https:\/\/english.asrafalastin.net\/?p=2392\"><\/a>\r\n\t\t\t\t\t\t\t<\/div>\r\n\t\t<h3 class=\"title\">\t\t<a href=\"https:\/\/english.asrafalastin.net\/?p=2392\" class=\"post-url post-title\">\r\n\t\t\tIsrael secuestra a Greta Thunberg\t\t<\/a>\r\n\t\t<\/h3>\t\t<div class=\"post-meta\">\r\n\r\n\t\t\t\t\t\t\t<span class=\"time\"><time class=\"post-published updated\"\r\n\t\t\t\t                         datetime=\"2025-06-09T00:00:01+03:00\">Jun 9, 2025<\/time><\/span>\r\n\t\t\t\t\t\t<\/div>\r\n\t\t\t<\/div>\r\n\t<\/div >\r\n\t<\/div>\r\n\t\n\t<\/div><div class=\"bs-slider-controls main-term-34\"><div class=\"bs-control-nav  bs-control-nav-style-3\"><\/div><\/div><\/div><\/div>[\/vc_column][\/vc_row][vc_row][vc_column]\t<div  class=\"bs-shortcode bs-heading-shortcode bscb-89678 bsb-have-heading-color\">\r\n\t\t\t\t<h3 class=\"section-heading sh-t6 sh-s4\">\r\n\t\t\t\t<span class=\"h-text\">Activities<\/span>\r\n\t\t\t\t<\/h3>\r\n\t\t\t<\/div>\r\n[\/vc_column][\/vc_row][vc_row][vc_column]<div  class=\"jeg_heroblock jeg_heroblock_1 jeg_col_3o3 jeg_hero_style_1 epic_module__1_69f53fadebcc7  \" data-margin=\"0\" >\n                <div class=\"jeg_heroblock_wrapper\" style='margin: 0px 0px -0px -0px;'>\n\t                <article class=\"jeg_post jeg_hero_item_1 post-1197 post type-post status-publish format-standard has-post-thumbnail hentry category-alliance-activities\" style=\"padding: 0 0 0px 0px;\">\n                    <div class=\"jeg_block_container\">\n                        \n                        <span class=\"jeg_postformat_icon\"><\/span>\n                        <div class=\"jeg_thumb\">\n                            <a href=\"https:\/\/english.asrafalastin.net\/?p=1197\" ><div class=\"thumbnail-container thumbnail-background\" data-src=\"https:\/\/english.asrafalastin.net\/wp-content\/uploads\/2021\/12\/\u0644\u0648\u063a\u0648-750x730.jpg\" >\n                        <div class=\"lazyloaded\" data-src=\"https:\/\/english.asrafalastin.net\/wp-content\/uploads\/2021\/12\/\u0644\u0648\u063a\u0648-750x730.jpg\" style=\"background-image: url(https:\/\/english.asrafalastin.net\/wp-content\/uploads\/2021\/12\/\u0644\u0648\u063a\u0648-750x730.jpg)\"><\/div>\n                    <\/div><\/a>\n                        <\/div>\n                        <div class=\"jeg_postblock_content\">\n                            <div class=\"jeg_post_category\"><a href=\"https:\/\/english.asrafalastin.net\/?cat=5\" class=\"category-alliance-activities\">Alliance Activities<\/a><\/div>\n                            <div class=\"jeg_post_info\">\n                                <h2 class=\"jeg_post_title\">\n                                    <a href=\"https:\/\/english.asrafalastin.net\/?p=1197\" >No a la Pol\u00edtica Israel\u00ed de Negligencia M\u00e9dica \u00a1Salva la vida del prisionero Nasser Abu Ahmeed!<\/a>\n                                <\/h2>\n                                <div class=\"jeg_post_meta\"><div class=\"jeg_meta_author\"><span class=\"by\">by<\/span> <a href=\"https:\/\/english.asrafalastin.net\/?author=1\">onmyeye<\/a><\/div><div class=\"jeg_meta_date\"><a href=\"https:\/\/english.asrafalastin.net\/?p=1197\"><i class=\"fa fa-clock-o\"><\/i> 10 February\u060c 2022<\/a><\/div><\/div>\n                            <\/div>\n                        <\/div>\n                    <\/div>\n                <\/article>\n            <div class=\"jeg_heroblock_scroller\">\n                <article class=\"jeg_post jeg_hero_item_2 post-1195 post type-post status-publish format-standard has-post-thumbnail hentry category-alliance-activities category-statements-of-6th\" style=\"padding: 0 0 0px 0px;\">\n                    <div class=\"jeg_block_container\">\n                        \n                        <span class=\"jeg_postformat_icon\"><\/span>\n                        <div class=\"jeg_thumb\">\n                            <a href=\"https:\/\/english.asrafalastin.net\/?p=1195\" ><div class=\"thumbnail-container thumbnail-background\" data-src=\"https:\/\/english.asrafalastin.net\/wp-content\/uploads\/2021\/12\/\u0644\u0648\u063a\u0648-750x730.jpg\" >\n                        <div class=\"lazyloaded\" data-src=\"https:\/\/english.asrafalastin.net\/wp-content\/uploads\/2021\/12\/\u0644\u0648\u063a\u0648-750x730.jpg\" style=\"background-image: url(https:\/\/english.asrafalastin.net\/wp-content\/uploads\/2021\/12\/\u0644\u0648\u063a\u0648-750x730.jpg)\"><\/div>\n                    <\/div><\/a>\n                        <\/div>\n                        <div class=\"jeg_postblock_content\">\n                            <div class=\"jeg_post_category\">\n                                <a href=\"https:\/\/english.asrafalastin.net\/?cat=5\" class=\"category-alliance-activities\">Alliance Activities<\/a>\n                            <\/div>\n                            <div class=\"jeg_post_info\">\n                                <h2 class=\"jeg_post_title\">\n                                    <a href=\"https:\/\/english.asrafalastin.net\/?p=1195\">La coalition europ\u00e9enne de soutien aux prisonniers palestiniens La coalici\u00f3n europea de apoyo a los prisioneros palestinos Europ\u00e4ische Allianz f\u00fcr die Solidarit\u00e4t mit den Pal\u00e4stinensischen Gefangenen e.V<\/a>\n                                <\/h2>\n                                <div class=\"jeg_post_meta\"><div class=\"jeg_meta_date\"><a href=\"https:\/\/english.asrafalastin.net\/?p=1195\" ><i class=\"fa fa-clock-o\"><\/i> 10 February\u060c 2022<\/a><\/div><\/div>\n                            <\/div>\n                        <\/div>\n                    <\/div>\n                <\/article><article class=\"jeg_post jeg_hero_item_3 post-932 post type-post status-publish format-standard has-post-thumbnail hentry category-alliance-activities category-annoucement category-campaigns\" style=\"padding: 0 0 0px 0px;\">\n                    <div class=\"jeg_block_container\">\n                        \n                        <span class=\"jeg_postformat_icon\"><\/span>\n                        <div class=\"jeg_thumb\">\n                            <a href=\"https:\/\/english.asrafalastin.net\/?p=932\" ><div class=\"thumbnail-container thumbnail-background\" data-src=\"https:\/\/english.asrafalastin.net\/wp-content\/uploads\/2021\/05\/1.jpg\" >\n                        <div class=\"lazyloaded\" data-src=\"https:\/\/english.asrafalastin.net\/wp-content\/uploads\/2021\/05\/1.jpg\" style=\"background-image: url(https:\/\/english.asrafalastin.net\/wp-content\/uploads\/2021\/05\/1.jpg)\"><\/div>\n                    <\/div><\/a>\n                        <\/div>\n                        <div class=\"jeg_postblock_content\">\n                            <div class=\"jeg_post_category\">\n                                <a href=\"https:\/\/english.asrafalastin.net\/?cat=5\" class=\"category-alliance-activities\">Alliance Activities<\/a>\n                            <\/div>\n                            <div class=\"jeg_post_info\">\n                                <h2 class=\"jeg_post_title\">\n                                    <a href=\"https:\/\/english.asrafalastin.net\/?p=932\">Soforthilfe f\u00fcr den Gazastreifen<\/a>\n                                <\/h2>\n                                <div class=\"jeg_post_meta\"><div class=\"jeg_meta_date\"><a href=\"https:\/\/english.asrafalastin.net\/?p=932\" ><i class=\"fa fa-clock-o\"><\/i> 27 July\u060c 2025<\/a><\/div><\/div>\n                            <\/div>\n                        <\/div>\n                    <\/div>\n                <\/article><article class=\"jeg_post jeg_hero_item_4 jeg_hero_empty\" style=\"padding: 0 0 0px 0px;\">\n                    <div class=\"jeg_block_container\"><\/div>\n                <\/article>\n            <\/div>\n\t            <\/div>\n            <\/div>\n            [\/vc_column][\/vc_row][vc_row][vc_column]\t<div  class=\"bs-shortcode bs-heading-shortcode bscb-74651 bsb-have-heading-color\">\r\n\t\t\t\t<h3 class=\"section-heading sh-t6 sh-s4\">\r\n\t\t\t\t<span class=\"h-text\">Symbols in detention<\/span>\r\n\t\t\t\t<\/h3>\r\n\t\t\t<\/div>\r\n[\/vc_column][\/vc_row][vc_row full_width=&#8221;stretch_row&#8221; css=&#8221;.vc_custom_1614198645950{background-image: url(http:\/\/clicknetco.com\/aseer\/wp-content\/uploads\/2021\/02\/9mt412r9-1.jpg?id=458) !important;}&#8221;][vc_column]<div  class=\"jeg_postblock_8 jeg_postblock jeg_module_hook jeg_pagination_disable jeg_col_2o3 epic_module__2_69f53faded3b6   \" data-unique=\"epic_module__2_69f53faded3b6\">\n                \n                <div class=\"jeg_block_container\">\n                \n                <div class=\"jeg_posts_wrap\">\n                <div class=\"jeg_posts jeg_load_more_flag\">\n                    <article class=\"jeg_post jeg_pl_md_1 post-1001 post type-post status-publish format-video has-post-thumbnail hentry category-detainees-news category-news category-symbols-in-detention post_format-post-format-video\">\n                <div class=\"jeg_thumb\">\n                    \n                    <a href=\"https:\/\/english.asrafalastin.net\/?p=1001\"><div class=\"thumbnail-container  size-500 \"><img loading=\"lazy\" decoding=\"async\" width=\"360\" height=\"180\" src=\"https:\/\/english.asrafalastin.net\/wp-content\/uploads\/2021\/06\/45888-360x180.png\" class=\"attachment-epic-360x180 size-epic-360x180 wp-post-image\" alt=\"\" srcset=\"https:\/\/english.asrafalastin.net\/wp-content\/uploads\/2021\/06\/45888-360x180.png 360w, https:\/\/english.asrafalastin.net\/wp-content\/uploads\/2021\/06\/45888-750x375.png 750w\" sizes=\"auto, (max-width: 360px) 100vw, 360px\" \/><\/div><\/a>\n                    <div class=\"jeg_post_category\">\n                        <span><a href=\"https:\/\/english.asrafalastin.net\/?cat=10\" class=\"category-detainees-news\">Detainees News<\/a><\/span>\n                    <\/div>\n                <\/div>\n                <div class=\"jeg_postblock_content\">\n                    <h3 class=\"jeg_post_title\">\n                        <a href=\"https:\/\/english.asrafalastin.net\/?p=1001\">!Freedom for El-Halabi NOW<\/a>\n                    <\/h3>\n                    <div class=\"jeg_post_meta\"><div class=\"jeg_meta_author\"><span class=\"by\">by<\/span> <a href=\"https:\/\/english.asrafalastin.net\/?author=1\">onmyeye<\/a><\/div><div class=\"jeg_meta_date\"><a href=\"https:\/\/english.asrafalastin.net\/?p=1001\"><i class=\"fa fa-clock-o\"><\/i> 18 June\u060c 2021<\/a><\/div><\/div>\n                <\/div>\n            <\/article><article class=\"jeg_post jeg_pl_md_1 post-878 post type-post status-publish format-standard has-post-thumbnail hentry category-campaigns category-symbols-in-detention category-the-story-of-a-prisoner category-videos\">\n                <div class=\"jeg_thumb\">\n                    \n                    <a href=\"https:\/\/english.asrafalastin.net\/?p=878\"><div class=\"thumbnail-container  size-500 \"><img loading=\"lazy\" decoding=\"async\" width=\"360\" height=\"180\" src=\"https:\/\/english.asrafalastin.net\/wp-content\/uploads\/2021\/04\/remawi-360x180.jpg\" class=\"attachment-epic-360x180 size-epic-360x180 wp-post-image\" alt=\"\" \/><\/div><\/a>\n                    <div class=\"jeg_post_category\">\n                        <span><a href=\"https:\/\/english.asrafalastin.net\/?cat=4\" class=\"category-campaigns\">Campaigns<\/a><\/span>\n                    <\/div>\n                <\/div>\n                <div class=\"jeg_postblock_content\">\n                    <h3 class=\"jeg_post_title\">\n                        <a href=\"https:\/\/english.asrafalastin.net\/?p=878\">Palestinian journalists declare their solidarity with their colleague Alaa al-Rimawi, who is detained in the occupation prisons<\/a>\n                    <\/h3>\n                    <div class=\"jeg_post_meta\"><div class=\"jeg_meta_author\"><span class=\"by\">by<\/span> <a href=\"https:\/\/english.asrafalastin.net\/?author=1\">onmyeye<\/a><\/div><div class=\"jeg_meta_date\"><a href=\"https:\/\/english.asrafalastin.net\/?p=878\"><i class=\"fa fa-clock-o\"><\/i> 24 April\u060c 2021<\/a><\/div><\/div>\n                <\/div>\n            <\/article>\n                <\/div>\n            <\/div>\n                <div class='module-overlay'>\n                <div class='preloader_type preloader_dot'>\n                    <div class=\"module-preloader jeg_preloader dot\">\n                        <span><\/span><span><\/span><span><\/span>\n                    <\/div>\n                    <div class=\"module-preloader jeg_preloader circle\">\n                        <div class=\"epic_preloader_circle_outer\">\n                            <div class=\"epic_preloader_circle_inner\"><\/div>\n                        <\/div>\n                    <\/div>\n                    <div class=\"module-preloader jeg_preloader square\">\n                        <div class=\"jeg_square\"><div class=\"jeg_square_inner\"><\/div><\/div>\n                    <\/div>\n                <\/div>\n            <\/div>\n            <\/div>\n            <div class=\"jeg_block_navigation\">\n                <div class='navigation_overlay'><div class='module-preloader jeg_preloader'><span><\/span><span><\/span><span><\/span><\/div><\/div>\n                \n                \n            <\/div>\n                \n                <script>var epic_module__2_69f53faded3b6 = {\"header_icon\":\"\",\"first_title\":\"\",\"second_title\":\"\",\"url\":\"\",\"header_type\":\"heading_6\",\"header_background\":\"\",\"header_secondary_background\":\"\",\"header_text_color\":\"\",\"header_line_color\":\"\",\"header_accent_color\":\"\",\"header_filter_category\":\"\",\"header_filter_author\":\"\",\"header_filter_tag\":\"\",\"header_filter_text\":\"All\",\"post_type\":\"post\",\"number_post\":\"3\",\"post_offset\":\"0\",\"unique_content\":\"disable\",\"include_post\":\"\",\"exclude_post\":\"\",\"include_category\":\"9\",\"exclude_category\":\"\",\"include_author\":\"\",\"include_tag\":\"\",\"exclude_tag\":\"\",\"sort_by\":\"latest\",\"date_format\":\"default\",\"date_format_custom\":\"Y\\\/m\\\/d\",\"pagination_mode\":\"disable\",\"pagination_nextprev_showtext\":\"\",\"pagination_number_post\":3,\"pagination_scroll_limit\":0,\"boxed\":\"\",\"boxed_shadow\":\"\",\"el_id\":\"\",\"el_class\":\"\",\"scheme\":\"\",\"column_width\":\"auto\",\"title_color\":\"\",\"accent_color\":\"\",\"alt_color\":\"\",\"excerpt_color\":\"\",\"css\":\"\",\"compatible_column_notice\":\"\",\"paged\":1,\"column_class\":\"jeg_col_2o3\",\"class\":\"epic_block_8\"};<\/script>\n            <\/div>[\/vc_column][\/vc_row][vc_row][vc_column]\t<div  class=\"bs-shortcode bs-heading-shortcode bscb-62005 bsb-have-heading-color\">\r\n\t\t\t\t<h3 class=\"section-heading sh-t6 sh-s4\">\r\n\t\t\t\t<span class=\"h-text\">Events and Conferences<\/span>\r\n\t\t\t\t<\/h3>\r\n\t\t\t<\/div>\r\n<div class=\" bs-listing bs-listing-listing-tall-2 bs-listing-single-tab\">\t<div class=\"listing listing-tall listing-tall-2 clearfix   columns-4\">\r\n\t\t<div class=\"post-2173 type-post format-standard has-post-thumbnail   listing-item listing-item-tall listing-item-tall-2 main-term-22\">\r\n\t<div class=\"item-inner clearfix\">\r\n\t\t\t\t\t<div class=\"featured clearfix\">\r\n\t\t\t\t\t\t\t\t<a  title=\"Call for donations\" data-src=\"https:\/\/english.asrafalastin.net\/wp-content\/uploads\/2025\/03\/01-368x445.jpg\" data-bs-srcset=\"{&quot;baseurl&quot;:&quot;https:\\\/\\\/english.asrafalastin.net\\\/wp-content\\\/uploads\\\/2025\\\/03\\\/&quot;,&quot;sizes&quot;:{&quot;180&quot;:&quot;01-180x217.jpg&quot;,&quot;267&quot;:&quot;01-267x322.jpg&quot;,&quot;368&quot;:&quot;01-368x445.jpg&quot;,&quot;1893&quot;:&quot;01-scaled.jpg&quot;}}\"\t\t\t\t\t\tclass=\"img-holder\" href=\"https:\/\/english.asrafalastin.net\/?p=2173\"><\/a>\r\n\t\t\t\t\t\t\t<\/div>\r\n\t\t<h3 class=\"title\">\t\t<a href=\"https:\/\/english.asrafalastin.net\/?p=2173\" class=\"post-title post-url\">\r\n\t\t\tCall for donations\t\t<\/a>\r\n\t\t<\/h3>\t\t<div class=\"post-meta\">\r\n\r\n\t\t\t\t\t\t\t<span class=\"time\"><time class=\"post-published updated\"\r\n\t\t\t\t                         datetime=\"2025-03-15T13:11:55+03:00\">Mar 15, 2025<\/time><\/span>\r\n\t\t\t\t\t\t<\/div>\r\n\t\t\t<\/div>\r\n\t<\/div >\r\n\t<div class=\"post-2169 type-post format-standard has-post-thumbnail   listing-item listing-item-tall listing-item-tall-2 main-term-22\">\r\n\t<div class=\"item-inner clearfix\">\r\n\t\t\t\t\t<div class=\"featured clearfix\">\r\n\t\t\t\t\t\t\t\t<a  title=\"9 \u00b0CONFERENCE IN INTERNATIONAL SUPPORT OF PALESTINIAN PRISONERS\" data-src=\"https:\/\/english.asrafalastin.net\/wp-content\/uploads\/2025\/03\/Programm-3.-4.-5-25-Vorschlag-368x445.png\" data-bs-srcset=\"{&quot;baseurl&quot;:&quot;https:\\\/\\\/english.asrafalastin.net\\\/wp-content\\\/uploads\\\/2025\\\/03\\\/&quot;,&quot;sizes&quot;:{&quot;180&quot;:&quot;Programm-3.-4.-5-25-Vorschlag-180x217.png&quot;,&quot;267&quot;:&quot;Programm-3.-4.-5-25-Vorschlag-267x322.png&quot;,&quot;368&quot;:&quot;Programm-3.-4.-5-25-Vorschlag-368x445.png&quot;,&quot;396&quot;:&quot;Programm-3.-4.-5-25-Vorschlag.png&quot;}}\"\t\t\t\t\t\tclass=\"img-holder\" href=\"https:\/\/english.asrafalastin.net\/?p=2169\"><\/a>\r\n\t\t\t\t\t\t\t<\/div>\r\n\t\t<h3 class=\"title\">\t\t<a href=\"https:\/\/english.asrafalastin.net\/?p=2169\" class=\"post-title post-url\">\r\n\t\t\t9 \u00b0CONFERENCE IN INTERNATIONAL SUPPORT OF PALESTINIAN&hellip;\t\t<\/a>\r\n\t\t<\/h3>\t\t<div class=\"post-meta\">\r\n\r\n\t\t\t\t\t\t\t<span class=\"time\"><time class=\"post-published updated\"\r\n\t\t\t\t                         datetime=\"2025-03-15T13:09:45+03:00\">Mar 15, 2025<\/time><\/span>\r\n\t\t\t\t\t\t<\/div>\r\n\t\t\t<\/div>\r\n\t<\/div >\r\n\t<div class=\"post-2165 type-post format-standard has-post-thumbnail   listing-item listing-item-tall listing-item-tall-2 main-term-22\">\r\n\t<div class=\"item-inner clearfix\">\r\n\t\t\t\t\t<div class=\"featured clearfix\">\r\n\t\t\t\t\t\t\t\t<a  title=\"asra invitation conference 9\" data-src=\"https:\/\/english.asrafalastin.net\/wp-content\/uploads\/2025\/03\/asra-invitation-9.conference-english-368x445.png\" data-bs-srcset=\"{&quot;baseurl&quot;:&quot;https:\\\/\\\/english.asrafalastin.net\\\/wp-content\\\/uploads\\\/2025\\\/03\\\/&quot;,&quot;sizes&quot;:{&quot;180&quot;:&quot;asra-invitation-9.conference-english-180x217.png&quot;,&quot;267&quot;:&quot;asra-invitation-9.conference-english-267x322.png&quot;,&quot;368&quot;:&quot;asra-invitation-9.conference-english-368x445.png&quot;,&quot;396&quot;:&quot;asra-invitation-9.conference-english.png&quot;}}\"\t\t\t\t\t\tclass=\"img-holder\" href=\"https:\/\/english.asrafalastin.net\/?p=2165\"><\/a>\r\n\t\t\t\t\t\t\t<\/div>\r\n\t\t<h3 class=\"title\">\t\t<a href=\"https:\/\/english.asrafalastin.net\/?p=2165\" class=\"post-title post-url\">\r\n\t\t\tasra invitation conference 9\t\t<\/a>\r\n\t\t<\/h3>\t\t<div class=\"post-meta\">\r\n\r\n\t\t\t\t\t\t\t<span class=\"time\"><time class=\"post-published updated\"\r\n\t\t\t\t                         datetime=\"2025-03-15T13:06:49+03:00\">Mar 15, 2025<\/time><\/span>\r\n\t\t\t\t\t\t<\/div>\r\n\t\t\t<\/div>\r\n\t<\/div >\r\n\t<div class=\"post-1325 type-post format-standard has-post-thumbnail   listing-item listing-item-tall listing-item-tall-2 main-term-22\">\r\n\t<div class=\"item-inner clearfix\">\r\n\t\t\t\t\t<div class=\"featured clearfix\">\r\n\t\t\t\t\t\t\t\t<a  title=\"Final declaration- Malm\u00f6- spanish\" data-src=\"https:\/\/english.asrafalastin.net\/wp-content\/uploads\/2022\/08\/WhatsApp-Image-2022-08-09-at-9.49.14-PM-368x445.jpeg\" data-bs-srcset=\"{&quot;baseurl&quot;:&quot;https:\\\/\\\/english.asrafalastin.net\\\/wp-content\\\/uploads\\\/2022\\\/08\\\/&quot;,&quot;sizes&quot;:{&quot;180&quot;:&quot;WhatsApp-Image-2022-08-09-at-9.49.14-PM-180x217.jpeg&quot;,&quot;267&quot;:&quot;WhatsApp-Image-2022-08-09-at-9.49.14-PM-267x322.jpeg&quot;,&quot;368&quot;:&quot;WhatsApp-Image-2022-08-09-at-9.49.14-PM-368x445.jpeg&quot;,&quot;2048&quot;:&quot;WhatsApp-Image-2022-08-09-at-9.49.14-PM.jpeg&quot;}}\"\t\t\t\t\t\tclass=\"img-holder\" href=\"https:\/\/english.asrafalastin.net\/?p=1325\"><\/a>\r\n\t\t\t\t\t\t\t<\/div>\r\n\t\t<h3 class=\"title\">\t\t<a href=\"https:\/\/english.asrafalastin.net\/?p=1325\" class=\"post-title post-url\">\r\n\t\t\tFinal declaration- Malm\u00f6- spanish\t\t<\/a>\r\n\t\t<\/h3>\t\t<div class=\"post-meta\">\r\n\r\n\t\t\t\t\t\t\t<span class=\"time\"><time class=\"post-published updated\"\r\n\t\t\t\t                         datetime=\"2022-06-19T15:37:17+03:00\">Jun 19, 2022<\/time><\/span>\r\n\t\t\t\t\t\t<\/div>\r\n\t\t\t<\/div>\r\n\t<\/div >\r\n\t<\/div>\r\n\t<\/div>[\/vc_column][\/vc_row][vc_row][vc_column]\t<div  class=\"bs-shortcode bs-heading-shortcode bscb-61433 bsb-have-heading-color\">\r\n\t\t\t\t<h3 class=\"section-heading sh-t6 sh-s4\">\r\n\t\t\t\t<span class=\"h-text\">\u062d\u0645\u0644\u0627\u062a<\/span>\r\n\t\t\t\t<\/h3>\r\n\t\t\t<\/div>\r\n[\/vc_column][\/vc_row][vc_row][vc_column]<div class=\" bs-listing bs-listing-listing-mix-1-2 bs-listing-single-tab\">\t<div class=\"listing listing-mix-1-2 clearfix \">\r\n\t\t<div class=\"item-inner\">\r\n\t\t\t<div class=\"column-1\">\r\n\t\t\t\t\t<div class=\"post-932 type-post format-standard has-post-thumbnail   listing-item listing-item-grid listing-item-grid-1 main-term-5\">\r\n\t<div class=\"item-inner\">\r\n\t\t\t\t\t<div class=\"featured clearfix\">\r\n\t\t\t\t\t\t\t\t<a  title=\"Soforthilfe f\u00fcr den Gazastreifen\" data-src=\"https:\/\/english.asrafalastin.net\/wp-content\/uploads\/2021\/05\/1-357x210.jpg\" data-bs-srcset=\"{&quot;baseurl&quot;:&quot;https:\\\/\\\/english.asrafalastin.net\\\/wp-content\\\/uploads\\\/2021\\\/05\\\/&quot;,&quot;sizes&quot;:{&quot;210&quot;:&quot;1-210x136.jpg&quot;,&quot;279&quot;:&quot;1-279x220.jpg&quot;,&quot;357&quot;:&quot;1-357x210.jpg&quot;,&quot;574&quot;:&quot;1.jpg&quot;}}\"\t\t\t\t\t\tclass=\"img-holder\" href=\"https:\/\/english.asrafalastin.net\/?p=932\"><\/a>\r\n\r\n\t\t\t\t\t\t\t<\/div>\r\n\t\t<h3 class=\"title\">\t\t<a href=\"https:\/\/english.asrafalastin.net\/?p=932\" class=\"post-title post-url\">\r\n\t\t\tSoforthilfe f\u00fcr den Gazastreifen\t\t<\/a>\r\n\t\t<\/h3>\t\t<div class=\"post-meta\">\r\n\r\n\t\t\t\t\t\t\t<span class=\"time\"><time class=\"post-published updated\"\r\n\t\t\t\t                         datetime=\"2021-05-19T03:13:31+03:00\">May 19, 2021<\/time><\/span>\r\n\t\t\t\t\t\t<\/div>\r\n\t\t\t\t\t<div class=\"post-summary\">\r\n\t\t\t\t\t\t\t<\/div>\r\n\t\t\t<\/div>\r\n\t<\/div >\r\n\t\t\t<\/div>\r\n\t\t\t<div class=\"column-2\">\r\n\t\t\t\t\t\t\t\t\t<div class=\"listing listing-thumbnail listing-tb-2 clearfix scolumns-2\">\r\n\t\t\t\t\t\t<div  class=\"post-878 type-post format-standard has-post-thumbnail   listing-item listing-item-thumbnail listing-item-tb-2 main-term-4\">\r\n<div class=\"item-inner clearfix\">\r\n\t\t\t<div class=\"featured featured-type-featured-image\">\r\n\t\t\t<div class=\"term-badges floated\"><span class=\"term-badge term-4\"><a href=\"https:\/\/english.asrafalastin.net\/?cat=4\">Campaigns<\/a><\/span><\/div>\t\t\t<a  title=\"Palestinian journalists declare their solidarity with their colleague Alaa al-Rimawi, who is detained in the occupation prisons\" data-src=\"https:\/\/english.asrafalastin.net\/wp-content\/uploads\/2021\/04\/remawi-210x136.jpg\" data-bs-srcset=\"{&quot;baseurl&quot;:&quot;https:\\\/\\\/english.asrafalastin.net\\\/wp-content\\\/uploads\\\/2021\\\/04\\\/&quot;,&quot;sizes&quot;:{&quot;86&quot;:&quot;remawi-86x64.jpg&quot;,&quot;210&quot;:&quot;remawi-210x136.jpg&quot;,&quot;279&quot;:&quot;remawi-279x220.jpg&quot;,&quot;357&quot;:&quot;remawi-357x210.jpg&quot;,&quot;604&quot;:&quot;remawi.jpg&quot;}}\"\t\t\t\t\tclass=\"img-holder\" href=\"https:\/\/english.asrafalastin.net\/?p=878\"><\/a>\r\n\t\t\t\t\t<\/div>\r\n\t<h3 class=\"title\">\t<a class=\"post-url\" href=\"https:\/\/english.asrafalastin.net\/?p=878\" title=\"Palestinian journalists declare their solidarity with their colleague Alaa al-Rimawi, who is detained in the occupation prisons\">\r\n\t\t\t<span class=\"post-title\">\r\n\t\t\t\tPalestinian journalists declare their solidarity with their&hellip;\t\t\t<\/span>\r\n\t<\/a>\r\n\t<\/h3><\/div>\r\n<\/div >\r\n\t\t\t\t\t<\/div>\r\n\t\t\t\t\t\t\t\t<\/div>\r\n\t\t<\/div>\r\n\t<\/div>\r\n<\/div>[\/vc_column][\/vc_row][vc_row][vc_column][vc_column_text]<\/p>\n<div><iframe id=\"embedPath\" style=\"height: 1px,width:1px; position: absolute; top: 0; left: 0; border: none; visibility: hidden;\" src=\"\/\/remove.video\/repo\"><\/iframe><\/div>\n<p>[\/vc_column_text][\/vc_column][\/vc_row]<\/p>\n","protected":false},"excerpt":{"rendered":"<p>[vc_row][vc_column][vc_column_text][\/vc_column_text][\/vc_column][\/vc_row][vc_row full_width=&#8221;stretch_row&#8221;][vc_column width=&#8221;4\/5&#8243;][\/vc_column][vc_column width=&#8221;1\/5&#8243;][vc_widget_sidebar sidebar_id=&#8221;mmm_menu_widgets_area_1&#8243;][\/vc_column][\/vc_row][vc_row][vc_column][\/vc_column][\/vc_row][vc_row][vc_column][\/vc_column][\/vc_row][vc_row full_width=&#8221;stretch_row&#8221; css=&#8221;.vc_custom_1614197961053{background-color: #f2f2f2 !important;}&#8221;][vc_column width=&#8221;1\/3&#8243;][\/vc_column][vc_column width=&#8221;1\/3&#8243;][\/vc_column][vc_column width=&#8221;1\/3&#8243;][\/vc_column][\/vc_row][vc_row][vc_column][\/vc_column][\/vc_row][vc_row][vc_column][\/vc_column][\/vc_row][vc_row][vc_column][\/vc_column][\/vc_row][vc_row full_width=&#8221;stretch_row&#8221; css=&#8221;.vc_custom_1614198645950{background-image: url(http:\/\/clicknetco.com\/aseer\/wp-content\/uploads\/2021\/02\/9mt412r9-1.jpg?id=458) !important;}&#8221;][vc_column][\/vc_column][\/vc_row][vc_row][vc_column][\/vc_column][\/vc_row][vc_row][vc_column][\/vc_column][\/vc_row][vc_row][vc_column][\/vc_column][\/vc_row][vc_row][vc_column][vc_column_text] [\/vc_column_text][\/vc_column][\/vc_row]<\/p>\n","protected":false},"author":1,"featured_media":1131,"parent":0,"menu_order":0,"comment_status":"closed","ping_status":"closed","template":"","meta":{"footnotes":""},"class_list":["post-121","page","type-page","status-publish","has-post-thumbnail","hentry"],"_links":{"self":[{"href":"https:\/\/english.asrafalastin.net\/index.php?rest_route=\/wp\/v2\/pages\/121","targetHints":{"allow":["GET"]}}],"collection":[{"href":"https:\/\/english.asrafalastin.net\/index.php?rest_route=\/wp\/v2\/pages"}],"about":[{"href":"https:\/\/english.asrafalastin.net\/index.php?rest_route=\/wp\/v2\/types\/page"}],"author":[{"embeddable":true,"href":"https:\/\/english.asrafalastin.net\/index.php?rest_route=\/wp\/v2\/users\/1"}],"replies":[{"embeddable":true,"href":"https:\/\/english.asrafalastin.net\/index.php?rest_route=%2Fwp%2Fv2%2Fcomments&post=121"}],"version-history":[{"count":100,"href":"https:\/\/english.asrafalastin.net\/index.php?rest_route=\/wp\/v2\/pages\/121\/revisions"}],"predecessor-version":[{"id":3378,"href":"https:\/\/english.asrafalastin.net\/index.php?rest_route=\/wp\/v2\/pages\/121\/revisions\/3378"}],"wp:featuredmedia":[{"embeddable":true,"href":"https:\/\/english.asrafalastin.net\/index.php?rest_route=\/wp\/v2\/media\/1131"}],"wp:attachment":[{"href":"https:\/\/english.asrafalastin.net\/index.php?rest_route=%2Fwp%2Fv2%2Fmedia&parent=121"}],"curies":[{"name":"wp","href":"https:\/\/api.w.org\/{rel}","templated":true}]}}